{"id":228966,"date":"2024-08-10T11:43:14","date_gmt":"2024-08-10T09:43:14","guid":{"rendered":"https:\/\/www.pontesan.es\/?page_id=228966"},"modified":"2025-10-22T12:38:53","modified_gmt":"2025-10-22T10:38:53","slug":"sobre-pontesan","status":"publish","type":"page","link":"https:\/\/www.pontesan.es\/es\/sobre-pontesan\/","title":{"rendered":"Sobre pontesan"},"content":{"rendered":"<p>[et_pb_section fb_built=&#8221;1&#8243; admin_label=&#8221;pon-08&#8243; module_class=&#8221;pon-08&#8243; _builder_version=&#8221;4.26.0&#8243; _module_preset=&#8221;default&#8221; collapsed=&#8221;off&#8221; global_colors_info=&#8221;{}&#8221;][et_pb_row _builder_version=&#8221;4.26.0&#8243; _module_preset=&#8221;default&#8221; background_image=&#8221;https:\/\/www.pontesan.es\/wp-content\/uploads\/2024\/08\/banner-sobre-nosotros.jpg&#8221; width=&#8221;100%&#8221; max_width=&#8221;1920px&#8221; custom_padding=&#8221;123px||136px||false|false&#8221; global_colors_info=&#8221;{}&#8221;][et_pb_column type=&#8221;4_4&#8243; _builder_version=&#8221;4.26.0&#8243; _module_preset=&#8221;default&#8221; global_colors_info=&#8221;{}&#8221;][\/et_pb_column][\/et_pb_row][\/et_pb_section][et_pb_section fb_built=&#8221;1&#8243; admin_label=&#8221;pon-09&#8243; module_class=&#8221;pon-09&#8243; _builder_version=&#8221;4.26.0&#8243; _module_preset=&#8221;default&#8221; custom_margin=&#8221;-40px||||false|false&#8221; collapsed=&#8221;off&#8221; global_colors_info=&#8221;{}&#8221;][et_pb_row _builder_version=&#8221;4.26.0&#8243; _module_preset=&#8221;default&#8221; custom_padding=&#8221;0px||0px||false|false&#8221; global_colors_info=&#8221;{}&#8221;][et_pb_column type=&#8221;4_4&#8243; module_class=&#8221;flex-box&#8221; _builder_version=&#8221;4.26.0&#8243; _module_preset=&#8221;default&#8221; global_colors_info=&#8221;{}&#8221;][et_pb_text admin_label=&#8221;Que \u00e9 Pontesan&#8221; module_class=&#8221;box-title-1 box&#8221; _builder_version=&#8221;4.26.0&#8243; _module_preset=&#8221;default&#8221; header_text_color=&#8221;#282F4B&#8221; header_font_size=&#8221;2.7rem&#8221; header_2_font_size=&#8221;36px&#8221; background_color=&#8221;#FFFFFF&#8221; text_orientation=&#8221;center&#8221; max_width_last_edited=&#8221;off|desktop&#8221; module_alignment=&#8221;center&#8221; custom_margin=&#8221;-70px||||false|false&#8221; custom_margin_tablet=&#8221;-70px||||false|false&#8221; custom_margin_phone=&#8221;-40px||||false|false&#8221; custom_margin_last_edited=&#8221;on|phone&#8221; custom_padding=&#8221;5px||20px||false|true&#8221; custom_padding_tablet=&#8221;5px||15px||false|true&#8221; custom_padding_phone=&#8221;5px||15px||false|true&#8221; custom_padding_last_edited=&#8221;on|desktop&#8221; animation_style=&#8221;fade&#8221; box_shadow_style=&#8221;preset1&#8243; box_shadow_vertical=&#8221;4px&#8221; box_shadow_blur=&#8221;14px&#8221; locked=&#8221;off&#8221; global_colors_info=&#8221;{}&#8221;]<\/p>\n<h1>QU\u00c9 ES PONTESAN<\/h1>\n<p>[\/et_pb_text][\/et_pb_column][\/et_pb_row][et_pb_row column_structure=&#8221;1_2,1_2&#8243; make_equal=&#8221;on&#8221; custom_padding_last_edited=&#8221;on|desktop&#8221; _builder_version=&#8221;4.26.0&#8243; _module_preset=&#8221;default&#8221; max_width=&#8221;1920px&#8221; custom_padding=&#8221;90px||||false|false&#8221; custom_padding_tablet=&#8221;35px||||false|false&#8221; custom_padding_phone=&#8221;60px||||false|false&#8221; animation_style=&#8221;fade&#8221; global_colors_info=&#8221;{}&#8221;][et_pb_column type=&#8221;1_2&#8243; module_class=&#8221;centrado&#8221; _builder_version=&#8221;4.26.0&#8243; _module_preset=&#8221;default&#8221; global_colors_info=&#8221;{}&#8221;][et_pb_image src=&#8221;https:\/\/www.pontesan.es\/wp-content\/uploads\/2024\/08\/foto-que-es-pontesan.jpg&#8221; alt=&#8221;foto-que-es-pontesan&#8221; title_text=&#8221;foto-que-es-pontesan&#8221; _builder_version=&#8221;4.26.0&#8243; _module_preset=&#8221;default&#8221; global_colors_info=&#8221;{}&#8221;][\/et_pb_image][\/et_pb_column][et_pb_column type=&#8221;1_2&#8243; module_class=&#8221;centrado&#8221; _builder_version=&#8221;4.26.0&#8243; _module_preset=&#8221;default&#8221; global_colors_info=&#8221;{}&#8221;][et_pb_text admin_label=&#8221;Pontesan \u00e9 a feira&#8230;&#8221; _builder_version=&#8221;4.26.0&#8243; _module_preset=&#8221;default&#8221; text_text_color=&#8221;#191919&#8243; text_line_height=&#8221;1.3em&#8221; custom_margin_tablet=&#8221;30px||||false|false&#8221; custom_margin_phone=&#8221;30px||||false|false&#8221; custom_margin_last_edited=&#8221;on|tablet&#8221; global_colors_info=&#8221;{}&#8221;]<\/p>\n<p class=\"translation-block\"><strong>Pontesan<\/strong> es la <strong>feria de salud y bienestar m\u00e1s grande de Galicia<\/strong>, nacida en Pontevedra en 2020, cuando a\u00fan est\u00e1bamos saliendo de la mayor crisis sanitaria del siglo. El objetivo de <strong>Pontesan<\/strong> es ofrecer a la ciudadan\u00eda <strong>informaci\u00f3n sobre salud, bienestar y estilo de vida saludable<\/strong>, de una manera pr\u00f3xima, amena y l\u00fadica. Un evento pensado <strong>para todos los p\u00fablicos<\/strong>, que ofrece a los\/as visitantes un amplio programa de talleres l\u00fadicos y formativos, actividades f\u00edsicas, oratorias y debates.<\/p>\n<p class=\"translation-block\"><strong>Pontesan<\/strong> sirve de escaparate para las <strong>instituciones, asociaciones y profesionales<\/strong> relacionados con el \u00e1mbito sanitario que participan en la feria, dando a conocer su actividad y sus servicios. En los stands de <strong>Pontesan<\/strong> encontramos asociaciones de profesionales del deporte, fisioterapeutas, geriatras y personal sociosanitario entre otros. Tambi\u00e9n cuentan con un espacio en <strong>Pontesan<\/strong> <strong>instituciones gubernamentales<\/strong> como los Ministerios de Igualdad, Sanidad y Consumo y el Concello de Pontevedra. Por otro lado, nos acompa\u00f1an <strong>asociaciones de diversidad sensorial, de tratamiento de las ludopat\u00edas, de defensa de la Sanidad P\u00fablica, de personas con discapacidad, ELA, adem\u00e1s de asociaciones deportivas y de promoci\u00f3n de la salud<\/strong>.<\/p>\n<p>[\/et_pb_text][et_pb_button button_url=&#8221;https:\/\/deportes.pontevedra.gal\/pontesan-a-feira-da-saude\/&#8221; url_new_window=&#8221;on&#8221; button_text=&#8221;Edici\u00f3ns anteriores&#8221; button_alignment=&#8221;center&#8221; admin_label=&#8221;Ediciones anteriores&#8221; module_class=&#8221;btn sep inline&#8221; _builder_version=&#8221;4.26.0&#8243; _module_preset=&#8221;default&#8221; custom_button=&#8221;on&#8221; button_text_color=&#8221;#FFFFFF&#8221; button_bg_color=&#8221;#282F4B&#8221; button_border_color=&#8221;#282F4B&#8221; button_border_radius=&#8221;50px&#8221; button_use_icon=&#8221;off&#8221; custom_margin=&#8221;|30px|0px||false|false&#8221; custom_padding=&#8221;|25px||25px|false|true&#8221; locked=&#8221;off&#8221; global_colors_info=&#8221;{}&#8221; button_text_color__hover=&#8221;#282F4B&#8221; button_text_color__hover_enabled=&#8221;on|hover&#8221; button_bg_color__hover=&#8221;RGBA(255,255,255,0)&#8221; button_bg_color__hover_enabled=&#8221;on|hover&#8221; button_bg_enable_color__hover=&#8221;on&#8221;][\/et_pb_button][et_pb_button button_url=&#8221;#organismos&#8221; button_text=&#8221;Organismos patrocinadores &#8221; button_alignment=&#8221;center&#8221; admin_label=&#8221;Organismos patrocinadores&#8221; module_class=&#8221;btn sep inline&#8221; _builder_version=&#8221;4.26.0&#8243; _module_preset=&#8221;default&#8221; custom_button=&#8221;on&#8221; button_text_color=&#8221;#FFFFFF&#8221; button_bg_color=&#8221;#282F4B&#8221; button_border_color=&#8221;#282F4B&#8221; button_border_radius=&#8221;50px&#8221; button_use_icon=&#8221;off&#8221; custom_margin=&#8221;||0px||false|false&#8221; custom_padding=&#8221;|25px||25px|false|true&#8221; locked=&#8221;off&#8221; global_colors_info=&#8221;{}&#8221; button_text_color__hover=&#8221;#282F4B&#8221; button_text_color__hover_enabled=&#8221;on|hover&#8221; button_bg_color__hover=&#8221;RGBA(255,255,255,0)&#8221; button_bg_color__hover_enabled=&#8221;on|hover&#8221; button_bg_enable_color__hover=&#8221;on&#8221;][\/et_pb_button][\/et_pb_column][\/et_pb_row][\/et_pb_section][et_pb_section fb_built=&#8221;1&#8243; admin_label=&#8221;pon-10&#8243; module_class=&#8221;pon-10&#8243; _builder_version=&#8221;4.26.0&#8243; _module_preset=&#8221;default&#8221; animation_style=&#8221;fade&#8221; collapsed=&#8221;off&#8221; global_colors_info=&#8221;{}&#8221;][et_pb_row column_structure=&#8221;1_4,1_4,1_4,1_4&#8243; _builder_version=&#8221;4.26.0&#8243; _module_preset=&#8221;default&#8221; custom_margin=&#8221;100px||||false|false&#8221; custom_margin_tablet=&#8221;30px||||false|false&#8221; custom_margin_phone=&#8221;30px||||false|false&#8221; custom_margin_last_edited=&#8221;on|phone&#8221; global_colors_info=&#8221;{}&#8221;][et_pb_column type=&#8221;1_4&#8243; _builder_version=&#8221;4.26.0&#8243; _module_preset=&#8221;default&#8221; global_colors_info=&#8221;{}&#8221;][et_pb_image src=&#8221;https:\/\/www.pontesan.es\/wp-content\/uploads\/2024\/08\/salud-mental.png&#8221; alt=&#8221;salud-mental&#8221; title_text=&#8221;salud-mental&#8221; align=&#8221;center&#8221; _builder_version=&#8221;4.26.0&#8243; _module_preset=&#8221;default&#8221; global_colors_info=&#8221;{}&#8221;][\/et_pb_image][et_pb_text admin_label=&#8221;Salud mental&#8221; _builder_version=&#8221;4.26.0&#8243; _module_preset=&#8221;default&#8221; header_3_font=&#8221;|||on|||||&#8221; header_3_text_align=&#8221;center&#8221; header_3_text_color=&#8221;#282f4b&#8221; global_colors_info=&#8221;{}&#8221;]<\/p>\n<h3 class=\"translation-block\">IMPORTANCIA DE<br> LA<span class=\"azul\">SALUD MENTAL<\/span><\/h3>\n<p>[\/et_pb_text][\/et_pb_column][et_pb_column type=&#8221;1_4&#8243; _builder_version=&#8221;4.26.0&#8243; _module_preset=&#8221;default&#8221; global_colors_info=&#8221;{}&#8221;][et_pb_image src=&#8221;https:\/\/www.pontesan.es\/wp-content\/uploads\/2024\/08\/apoyo-discapacidad.png&#8221; alt=&#8221;apoyo-discapacidad&#8221; title_text=&#8221;apoyo-discapacidad&#8221; align=&#8221;center&#8221; _builder_version=&#8221;4.26.0&#8243; _module_preset=&#8221;default&#8221; global_colors_info=&#8221;{}&#8221;][\/et_pb_image][et_pb_text admin_label=&#8221;Discapacidad&#8221; _builder_version=&#8221;4.26.0&#8243; _module_preset=&#8221;default&#8221; header_3_font=&#8221;|||on|||||&#8221; header_3_text_align=&#8221;center&#8221; header_3_text_color=&#8221;#282f4b&#8221; global_colors_info=&#8221;{}&#8221;]<\/p>\n<h3 class=\"translation-block\">APOIO \u00c1<br>\r\n<span class=\"verde\">DISCAPACIDADE<\/span><\/h3>\n<p>[\/et_pb_text][\/et_pb_column][et_pb_column type=&#8221;1_4&#8243; _builder_version=&#8221;4.26.0&#8243; _module_preset=&#8221;default&#8221; global_colors_info=&#8221;{}&#8221;][et_pb_image src=&#8221;https:\/\/www.pontesan.es\/wp-content\/uploads\/2024\/08\/estilo-de-vida-saludable.png&#8221; alt=&#8221;estilo-de-vida-saludable&#8221; title_text=&#8221;estilo-de-vida-saludable&#8221; align=&#8221;center&#8221; _builder_version=&#8221;4.26.0&#8243; _module_preset=&#8221;default&#8221; global_colors_info=&#8221;{}&#8221;][\/et_pb_image][et_pb_text admin_label=&#8221;Vida saludable&#8221; _builder_version=&#8221;4.26.0&#8243; _module_preset=&#8221;default&#8221; header_3_font=&#8221;|||on|||||&#8221; header_3_text_align=&#8221;center&#8221; header_3_text_color=&#8221;#282f4b&#8221; global_colors_info=&#8221;{}&#8221;]<\/p>\n<h3 class=\"translation-block\">ESTILO DE <span class=\"naranja\">VIDA<br>\r\nSAUDABLE<\/span><\/h3>\n<p>[\/et_pb_text][\/et_pb_column][et_pb_column type=&#8221;1_4&#8243; _builder_version=&#8221;4.26.0&#8243; _module_preset=&#8221;default&#8221; global_colors_info=&#8221;{}&#8221;][et_pb_image src=&#8221;https:\/\/www.pontesan.es\/wp-content\/uploads\/2024\/08\/buena-alimentacion.png&#8221; alt=&#8221;buena-alimentacion&#8221; title_text=&#8221;buena-alimentacion&#8221; align=&#8221;center&#8221; _builder_version=&#8221;4.26.0&#8243; _module_preset=&#8221;default&#8221; global_colors_info=&#8221;{}&#8221;][\/et_pb_image][et_pb_text admin_label=&#8221;Alimentaci\u00f3n&#8221; _builder_version=&#8221;4.26.0&#8243; _module_preset=&#8221;default&#8221; header_3_font=&#8221;|||on|||||&#8221; header_3_text_align=&#8221;center&#8221; header_3_text_color=&#8221;#282f4b&#8221; global_colors_info=&#8221;{}&#8221;]<\/p>\n<h3 class=\"translation-block\">BOA<br>\r\n <span class=\"amarillo\">ALIMENTACI\u00d3N<\/span><\/h3>\n<p>[\/et_pb_text][\/et_pb_column][\/et_pb_row][\/et_pb_section][et_pb_section fb_built=&#8221;1&#8243; custom_padding_last_edited=&#8221;on|phone&#8221; admin_label=&#8221;pon-11&#8243; module_class=&#8221;pon-11&#8243; _builder_version=&#8221;4.26.0&#8243; _module_preset=&#8221;default&#8221; custom_padding=&#8221;100px||||false|false&#8221; custom_padding_tablet=&#8221;30px||||false|false&#8221; custom_padding_phone=&#8221;30px||||false|false&#8221; animation_style=&#8221;fade&#8221; collapsed=&#8221;off&#8221; global_colors_info=&#8221;{}&#8221;][et_pb_row _builder_version=&#8221;4.26.0&#8243; _module_preset=&#8221;default&#8221; background_color=&#8221;#dcdcf2&#8243; width=&#8221;100%&#8221; max_width=&#8221;1920px&#8221; global_colors_info=&#8221;{}&#8221;][et_pb_column type=&#8221;4_4&#8243; _builder_version=&#8221;4.26.0&#8243; _module_preset=&#8221;default&#8221; global_colors_info=&#8221;{}&#8221;][et_pb_text content_tablet=&#8221;<\/p>\n<p>Prevenci\u00f3n \u00b7 visibilizaci\u00f3n \u00b7 sensibilizaci\u00f3n<\/p>\n<p>&#8221; content_phone=&#8221;<\/p>\n<p>Prevenci\u00f3n<br \/>visibilizaci\u00f3n<br \/>sensibilizaci\u00f3n<\/p>\n<p>&#8221; content_last_edited=&#8221;on|phone&#8221; admin_label=&#8221;Prevenci\u00f3n \u00b7 visibilizaci\u00f3n \u00b7 sensibilizaci\u00f3n&#8221; _builder_version=&#8221;4.26.0&#8243; _module_preset=&#8221;default&#8221; text_font=&#8221;|||on|||||&#8221; text_text_color=&#8221;#282f4b&#8221; text_font_size=&#8221;30px&#8221; text_line_height=&#8221;1.3em&#8221; text_orientation=&#8221;center&#8221; custom_padding=&#8221;|20px||20px|false|false&#8221; text_font_size_tablet=&#8221;24px&#8221; text_font_size_phone=&#8221;24px&#8221; text_font_size_last_edited=&#8221;on|tablet&#8221; global_colors_info=&#8221;{}&#8221;]<\/p>\n<p>Prevenci\u00f3n \u00b7 visibilizaci\u00f3n \u00b7 sensibilizaci\u00f3n<\/p>\n<p>[\/et_pb_text][\/et_pb_column][\/et_pb_row][\/et_pb_section][et_pb_section fb_built=&#8221;1&#8243; admin_label=&#8221;pon-12&#8243; module_class=&#8221;pon-12&#8243; _builder_version=&#8221;4.26.0&#8243; _module_preset=&#8221;default&#8221; use_background_color_gradient=&#8221;on&#8221; background_color_gradient_direction=&#8221;46deg&#8221; background_color_gradient_stops=&#8221;#e7dcd0 0%|#ffffff 100%&#8221; animation_style=&#8221;fade&#8221; global_colors_info=&#8221;{}&#8221;][et_pb_row _builder_version=&#8221;4.26.0&#8243; _module_preset=&#8221;default&#8221; custom_padding=&#8221;70px||70px||false|false&#8221; locked=&#8221;off&#8221; global_colors_info=&#8221;{}&#8221;][et_pb_column type=&#8221;4_4&#8243; _builder_version=&#8221;4.26.0&#8243; _module_preset=&#8221;default&#8221; global_colors_info=&#8221;{}&#8221;][et_pb_text admin_label=&#8221;Edicions anteriores&#8221; _builder_version=&#8221;4.26.0&#8243; _module_preset=&#8221;default&#8221; header_2_font=&#8221;|||on|||||&#8221; header_2_text_align=&#8221;center&#8221; header_2_text_color=&#8221;#282F4B&#8221; header_2_font_size=&#8221;2.3rem&#8221; global_colors_info=&#8221;{}&#8221;]<\/p>\n<h2>Ediciones anteriores<\/h2>\n<p>[\/et_pb_text][et_pb_text admin_label=&#8221;En definitiva&#8230;&#8221; _builder_version=&#8221;4.26.0&#8243; _module_preset=&#8221;default&#8221; text_text_color=&#8221;#191919&#8243; text_line_height=&#8221;1.3em&#8221; text_orientation=&#8221;center&#8221; max_width=&#8221;660px&#8221; module_alignment=&#8221;center&#8221; global_colors_info=&#8221;{}&#8221;]<\/p>\n<p class=\"translation-block\"><strong>PonteSan<\/strong> busca acercar a la ciudadan\u00eda la informaci\u00f3n necesaria para cuidar de su salud y de la de los suyos, y visto el \u00e9xito de las ediciones anteriores, parece que lo est\u00e1 logrando. Podemos decir con orgullo que pusieron su stand <strong>decenas de asociaciones y que miles de personas<\/strong> visitaron nuestras instalaciones para recibir informaci\u00f3n sobre salud, charlas y talleres de forma <strong>completamente gratuita<\/strong>.<\/p>\n<p>[\/et_pb_text][\/et_pb_column][\/et_pb_row][et_pb_row column_structure=&#8221;1_4,1_4,1_4,1_4&#8243; use_custom_gutter=&#8221;on&#8221; gutter_width=&#8221;2&#8243; make_equal=&#8221;on&#8221; module_class=&#8221;cards&#8221; _builder_version=&#8221;4.26.0&#8243; _module_preset=&#8221;default&#8221; max_width=&#8221;1920px&#8221; global_colors_info=&#8221;{}&#8221;][et_pb_column type=&#8221;1_4&#8243; _builder_version=&#8221;4.26.0&#8243; _module_preset=&#8221;default&#8221; global_colors_info=&#8221;{}&#8221;][et_pb_blurb title=&#8221;Pontesan I 2020&#8243; image=&#8221;https:\/\/www.pontesan.es\/wp-content\/uploads\/2024\/08\/pontesan-i.jpg&#8221; alt=&#8221;pontesan-i&#8221; admin_label=&#8221;2020&#8243; _builder_version=&#8221;4.26.0&#8243; _module_preset=&#8221;default&#8221; header_level=&#8221;h3&#8243; header_font=&#8221;|||on|||||&#8221; header_text_align=&#8221;center&#8221; header_text_color=&#8221;#282F4B&#8221; header_font_size=&#8221;28px&#8221; body_text_align=&#8221;center&#8221; body_text_color=&#8221;#191919&#8243; body_line_height=&#8221;1.3em&#8221; background_color=&#8221;#fefefe&#8221; text_orientation=&#8221;center&#8221; custom_padding=&#8221;||40px||false|true&#8221; custom_padding_last_edited=&#8221;off|phone&#8221; animation_style=&#8221;slide&#8221; animation_direction=&#8221;bottom&#8221; animation=&#8221;off&#8221; hover_enabled=&#8221;0&#8243; box_shadow_style=&#8221;preset1&#8243; box_shadow_vertical=&#8221;4px&#8221; box_shadow_blur=&#8221;20px&#8221; global_colors_info=&#8221;{}&#8221; sticky_enabled=&#8221;0&#8243;]<\/p>\n<p>La primera edici\u00f3n de la feria se present\u00f3 como una feria de salud y bienestar gen\u00e9rica, tocando un poco todos los \u00e1mbitos. En plena crisis de la COVID-19, tuvieron que ponerse en marcha mecanismos de prevenci\u00f3n, el uso de mascarillas, dispensadores de gel hidroalcoh\u00f3lico, aforo limitado, etc.<\/p>\n<p>\n<a href=\"https:\/\/www.pontevedra.gal\/2020\/09\/19\/a-i-feira-da-saude-pontesan-continua-adiante-reducindo-o-seu-programa-de-tres-a-duas-xornadas\" target=\"_blank\" rel=\"noopener\">M\u00e1s info<\/a>[\/et_pb_blurb][\/et_pb_column][et_pb_column type=&#8221;1_4&#8243; _builder_version=&#8221;4.26.0&#8243; _module_preset=&#8221;default&#8221; global_colors_info=&#8221;{}&#8221;][et_pb_blurb title=&#8221;Pontesan II 2021&#8243; image=&#8221;https:\/\/www.pontesan.es\/wp-content\/uploads\/2024\/08\/pontesan-ii.jpg&#8221; alt=&#8221;pontesan-ii&#8221; admin_label=&#8221;2021&#8243; _builder_version=&#8221;4.26.0&#8243; _module_preset=&#8221;default&#8221; header_level=&#8221;h3&#8243; header_font=&#8221;|||on|||||&#8221; header_text_align=&#8221;center&#8221; header_text_color=&#8221;#282F4B&#8221; header_font_size=&#8221;28px&#8221; body_text_align=&#8221;center&#8221; body_text_color=&#8221;#191919&#8243; body_line_height=&#8221;1.3em&#8221; background_color=&#8221;#fefefe&#8221; text_orientation=&#8221;center&#8221; custom_padding=&#8221;||40px||false|true&#8221; animation_style=&#8221;slide&#8221; animation_direction=&#8221;bottom&#8221; animation_delay=&#8221;250ms&#8221; animation=&#8221;off&#8221; hover_enabled=&#8221;0&#8243; animation_delay_tablet=&#8221;250ms&#8221; animation_delay_phone=&#8221;0ms&#8221; animation_delay_last_edited=&#8221;on|phone&#8221; box_shadow_style=&#8221;preset1&#8243; box_shadow_vertical=&#8221;4px&#8221; box_shadow_blur=&#8221;20px&#8221; global_colors_info=&#8221;{}&#8221; sticky_enabled=&#8221;0&#8243;]<\/p>\n<p>La segunda edici\u00f3n de la feria se centr\u00f3 en los 3 pilares de una vida saludable: bienestar emocional, alimentaci\u00f3n saludable y ejercicio. Aunque las fechas oficiales de la celebraci\u00f3n eran los d\u00edas 17, 18 y 19 de septiembre, se ofrecieron charlas desde el mi\u00e9rcoles 15.<\/p>\n<p><a href=\"https:\/\/www.pontevedra.gal\/2021\/09\/13\/mais-de-30-asociacions-e-entidades-socio-sanitarias-participaran-esta-semana-na-ii-edicion-da-feira-da-saude-e-o-benestar-pontesan\" target=\"_blank\" rel=\"noopener\">M\u00e1s info<\/a><\/p>\n<p>[\/et_pb_blurb][\/et_pb_column][et_pb_column type=&#8221;1_4&#8243; _builder_version=&#8221;4.26.0&#8243; _module_preset=&#8221;default&#8221; global_colors_info=&#8221;{}&#8221;][et_pb_blurb title=&#8221;Pontesan III 2022&#8243; image=&#8221;https:\/\/www.pontesan.es\/wp-content\/uploads\/2024\/08\/pontesan-iii.jpg&#8221; alt=&#8221;pontesan-iii&#8221; admin_label=&#8221;2022&#8243; _builder_version=&#8221;4.26.0&#8243; _module_preset=&#8221;default&#8221; header_level=&#8221;h3&#8243; header_font=&#8221;|||on|||||&#8221; header_text_align=&#8221;center&#8221; header_text_color=&#8221;#282F4B&#8221; header_font_size=&#8221;28px&#8221; body_text_align=&#8221;center&#8221; body_text_color=&#8221;#191919&#8243; body_line_height=&#8221;1.3em&#8221; background_color=&#8221;#fefefe&#8221; text_orientation=&#8221;center&#8221; custom_padding=&#8221;||40px||false|true&#8221; animation_style=&#8221;slide&#8221; animation_direction=&#8221;bottom&#8221; animation_delay=&#8221;500ms&#8221; animation=&#8221;off&#8221; hover_enabled=&#8221;0&#8243; animation_delay_tablet=&#8221;500ms&#8221; animation_delay_phone=&#8221;0ms&#8221; animation_delay_last_edited=&#8221;on|phone&#8221; box_shadow_style=&#8221;preset1&#8243; box_shadow_vertical=&#8221;4px&#8221; box_shadow_blur=&#8221;20px&#8221; global_colors_info=&#8221;{}&#8221; sticky_enabled=&#8221;0&#8243;]<\/p>\n<p>Una edici\u00f3n centrada principalmente en la salud mental. Estuvo guiada por dos objetivos: visibilizar, sensibilizar a la sociedad y tratar de disminuir el estigma que rodea a las personas con problemas de salud mental, fomentando la dignidad y el respeto de sus derechos.<\/p>\n<p><a href=\"https:\/\/www.pontevedra.gal\/2022\/05\/20\/pontesan-o-maior-evento-socio-sanitario-que-se-celebra-en-galicia-pon-en-marcha-a-sua-iii-edicion-con-40-entidades-expositoras-e-un-intenso-e-variado-programa-de-actividades-centrado-na-saude-mental\" target=\"_blank\" rel=\"noopener\">M\u00e1s info<\/a><\/p>\n<p>[\/et_pb_blurb][\/et_pb_column][et_pb_column type=&#8221;1_4&#8243; _builder_version=&#8221;4.26.0&#8243; _module_preset=&#8221;default&#8221; global_colors_info=&#8221;{}&#8221;][et_pb_blurb title=&#8221;Pontesan IV 2023&#8243; image=&#8221;https:\/\/www.pontesan.es\/wp-content\/uploads\/2024\/08\/pontesan-iv.jpg&#8221; alt=&#8221;pontesan-iv&#8221; admin_label=&#8221;2023&#8243; _builder_version=&#8221;4.26.0&#8243; _module_preset=&#8221;default&#8221; header_level=&#8221;h3&#8243; header_font=&#8221;|||on|||||&#8221; header_text_align=&#8221;center&#8221; header_text_color=&#8221;#282F4B&#8221; header_font_size=&#8221;28px&#8221; body_text_align=&#8221;center&#8221; body_text_color=&#8221;#191919&#8243; body_line_height=&#8221;1.3em&#8221; background_color=&#8221;#fefefe&#8221; text_orientation=&#8221;center&#8221; custom_padding=&#8221;||40px||false|true&#8221; animation_style=&#8221;slide&#8221; animation_direction=&#8221;bottom&#8221; animation_delay=&#8221;750ms&#8221; animation=&#8221;off&#8221; hover_enabled=&#8221;0&#8243; animation_delay_tablet=&#8221;750ms&#8221; animation_delay_phone=&#8221;0ms&#8221; animation_delay_last_edited=&#8221;on|phone&#8221; box_shadow_style=&#8221;preset1&#8243; box_shadow_vertical=&#8221;4px&#8221; box_shadow_blur=&#8221;20px&#8221; global_colors_info=&#8221;{}&#8221; sticky_enabled=&#8221;0&#8243;]<\/p>\n<p>Buena nutrici\u00f3n contra la obesidad. Una edici\u00f3n centrada en mejorar la nutrici\u00f3n y la relaci\u00f3n con la comida, ofreciendo a los\/as asistentes herramientas e informaci\u00f3n para alimentar el cuerpo de la mejor manera.<\/p>\n<p><a href=\"https:\/\/www.pontevedra.gal\/2023\/03\/30\/regresa-pontesan-nunha-cuarta-edicion-na-que-participaran-mais-de-40-entidades-sen-animo-de-lucro-e-que-estara-dedicada-a-nutricion-e-a-loita-contra-a-obesidade\" target=\"_blank\" rel=\"noopener\">M\u00e1s info<\/a><\/p>\n<p>[\/et_pb_blurb][\/et_pb_column][\/et_pb_row][et_pb_row column_structure=&#8221;1_2,1_2&#8243; make_equal=&#8221;on&#8221; disabled_on=&#8221;off|off|off&#8221; _builder_version=&#8221;4.26.0&#8243; _module_preset=&#8221;default&#8221; custom_padding=&#8221;55px||65px||false|false&#8221; global_colors_info=&#8221;{}&#8221;][et_pb_column type=&#8221;1_2&#8243; module_class=&#8221;centrado&#8221; _builder_version=&#8221;4.26.0&#8243; _module_preset=&#8221;default&#8221; global_colors_info=&#8221;{}&#8221;][et_pb_text admin_label=&#8221;E este ano&#8221; module_class=&#8221;gabri&#8221; _builder_version=&#8221;4.26.0&#8243; _module_preset=&#8221;default&#8221; text_font=&#8221;|||on|||||&#8221; text_text_color=&#8221;#282F4B&#8221; text_font_size=&#8221;30px&#8221; text_orientation=&#8221;right&#8221; hover_enabled=&#8221;0&#8243; text_orientation_tablet=&#8221;center&#8221; text_orientation_phone=&#8221;center&#8221; text_orientation_last_edited=&#8221;on|tablet&#8221; global_colors_info=&#8221;{}&#8221; sticky_enabled=&#8221;0&#8243;]<\/p>\n<p>\u00bfY este a\u00f1o?<\/p>\n<p>[\/et_pb_text][\/et_pb_column][et_pb_column type=&#8221;1_2&#8243; _builder_version=&#8221;4.26.0&#8243; _module_preset=&#8221;default&#8221; global_colors_info=&#8221;{}&#8221;][et_pb_button button_url=&#8221;\/wp-content\/uploads\/2025\/09\/Programa-imprimible-ESP.pdf&#8221; url_new_window=&#8221;on&#8221; button_text=&#8221;Ver programa&#8221; button_alignment=&#8221;left&#8221; button_alignment_tablet=&#8221;center&#8221; button_alignment_phone=&#8221;center&#8221; button_alignment_last_edited=&#8221;on|tablet&#8221; admin_label=&#8221;Ver programa&#8221; _builder_version=&#8221;4.26.0&#8243; _module_preset=&#8221;default&#8221; custom_button=&#8221;on&#8221; button_text_color=&#8221;#FFFFFF&#8221; button_bg_color=&#8221;#282F4B&#8221; button_border_color=&#8221;#282F4B&#8221; button_border_radius=&#8221;50px&#8221; button_use_icon=&#8221;off&#8221; custom_margin=&#8221;||||false|false&#8221; custom_margin_tablet=&#8221;30px||||false|false&#8221; custom_margin_phone=&#8221;30px||||false|false&#8221; custom_margin_last_edited=&#8221;on|phone&#8221; custom_padding=&#8221;8px|60px|8px|60px|true|true&#8221; locked=&#8221;off&#8221; global_colors_info=&#8221;{}&#8221; button_text_color__hover=&#8221;#282F4B&#8221; button_text_color__hover_enabled=&#8221;on|desktop&#8221; button_bg_color__hover=&#8221;RGBA(255,255,255,0)&#8221; button_bg_color__hover_enabled=&#8221;on|hover&#8221; button_bg_enable_color__hover=&#8221;on&#8221;][\/et_pb_button][\/et_pb_column][\/et_pb_row][\/et_pb_section][et_pb_section fb_built=&#8221;1&#8243; admin_label=&#8221;pon-07&#8243; module_class=&#8221;pon-07&#8243; _builder_version=&#8221;4.26.0&#8243; _module_preset=&#8221;default&#8221; animation_style=&#8221;fade&#8221; locked=&#8221;off&#8221; global_colors_info=&#8221;{}&#8221;][et_pb_row column_structure=&#8221;1_3,1_3,1_3&#8243; custom_padding_last_edited=&#8221;on|tablet&#8221; module_id=&#8221;organismos&#8221; _builder_version=&#8221;4.26.0&#8243; _module_preset=&#8221;default&#8221; width=&#8221;74%&#8221; max_width=&#8221;1920px&#8221; custom_padding=&#8221;90px||90px||true|false&#8221; custom_padding_tablet=&#8221;50px||50px||true|false&#8221; custom_padding_phone=&#8221;50px||50px||true|false&#8221; global_colors_info=&#8221;{}&#8221;][et_pb_column type=&#8221;1_3&#8243; _builder_version=&#8221;4.26.0&#8243; _module_preset=&#8221;default&#8221; global_colors_info=&#8221;{}&#8221;][et_pb_image src=&#8221;https:\/\/www.pontesan.es\/wp-content\/uploads\/2024\/08\/concello-logotipo.png&#8221; alt=&#8221;concello-logotipo&#8221; title_text=&#8221;concello-logotipo&#8221; align=&#8221;center&#8221; admin_label=&#8221;Concello&#8221; _builder_version=&#8221;4.26.0&#8243; _module_preset=&#8221;default&#8221; global_colors_info=&#8221;{}&#8221;][\/et_pb_image][et_pb_image src=&#8221;https:\/\/www.pontesan.es\/wp-content\/uploads\/2024\/08\/deputacion-logotipo.png&#8221; alt=&#8221;deputacion-logotipo&#8221; title_text=&#8221;deputacion-logotipo&#8221; disabled_on=&#8221;on|on|on&#8221; admin_label=&#8221;DePo&#8221; _builder_version=&#8221;4.26.0&#8243; _module_preset=&#8221;default&#8221; disabled=&#8221;on&#8221; global_colors_info=&#8221;{}&#8221;][\/et_pb_image][\/et_pb_column][et_pb_column type=&#8221;1_3&#8243; _builder_version=&#8221;4.26.0&#8243; _module_preset=&#8221;default&#8221; global_colors_info=&#8221;{}&#8221;][et_pb_image src=&#8221;https:\/\/www.pontesan.es\/wp-content\/uploads\/2024\/08\/conselleria-logotipo.png&#8221; alt=&#8221;conselleria-logotipo&#8221; title_text=&#8221;conselleria-logotipo&#8221; align=&#8221;center&#8221; admin_label=&#8221;Conselleria&#8221; _builder_version=&#8221;4.26.0&#8243; _module_preset=&#8221;default&#8221; global_colors_info=&#8221;{}&#8221;][\/et_pb_image][\/et_pb_column][et_pb_column type=&#8221;1_3&#8243; _builder_version=&#8221;4.26.0&#8243; _module_preset=&#8221;default&#8221; global_colors_info=&#8221;{}&#8221;][et_pb_image src=&#8221;https:\/\/www.pontesan.es\/wp-content\/uploads\/2024\/08\/xunta-logotipo.png&#8221; alt=&#8221;xunta-logotipo&#8221; title_text=&#8221;xunta-logotipo&#8221; align=&#8221;center&#8221; admin_label=&#8221;Sergas&#8221; _builder_version=&#8221;4.26.0&#8243; _module_preset=&#8221;default&#8221; global_colors_info=&#8221;{}&#8221;][\/et_pb_image][\/et_pb_column][\/et_pb_row][\/et_pb_section][et_pb_section fb_built=&#8221;1&#8243; admin_label=&#8221;pon-13&#8243; module_class=&#8221;pon-13&#8243; _builder_version=&#8221;4.26.0&#8243; _module_preset=&#8221;default&#8221; animation_style=&#8221;fade&#8221; global_colors_info=&#8221;{}&#8221;][et_pb_row use_custom_gutter=&#8221;on&#8221; gutter_width=&#8221;1&#8243; _builder_version=&#8221;4.26.0&#8243; _module_preset=&#8221;default&#8221; width=&#8221;100%&#8221; max_width=&#8221;1920px&#8221; custom_padding=&#8221;0px||0px||false|false&#8221; global_colors_info=&#8221;{}&#8221;][et_pb_column type=&#8221;4_4&#8243; _builder_version=&#8221;4.26.0&#8243; _module_preset=&#8221;default&#8221; global_colors_info=&#8221;{}&#8221;][et_pb_gallery gallery_ids=&#8221;229422,229423,229424,229425,229418,229419,229420,229421&#8243; posts_number=&#8221;8&#8243; show_title_and_caption=&#8221;off&#8221; show_pagination=&#8221;off&#8221; _builder_version=&#8221;4.26.0&#8243; _module_preset=&#8221;default&#8221; global_colors_info=&#8221;{}&#8221;][\/et_pb_gallery][\/et_pb_column][\/et_pb_row][\/et_pb_section]<\/p>","protected":false},"excerpt":{"rendered":"<p>QUE \u00c9 PONTESANPontesan \u00e9 a feira de sa\u00fade e benestar m\u00e1is grande de Galicia, nacida en Pontevedra no 2020, cando a\u00ednda estabamos sa\u00edndo da maior crise sanitaria do s\u00e9culo. O obxectivo de Pontesan \u00e9 ofrecer \u00e1 cidadan\u00eda informaci\u00f3n sobre sa\u00fade, benestar e estilo de vida saudable, dun xeito pr\u00f3ximo, ameno e l\u00fadico. Un evento pensado [&hellip;]<\/p>","protected":false},"author":18,"featured_media":0,"parent":0,"menu_order":0,"comment_status":"closed","ping_status":"closed","template":"","meta":{"_et_pb_use_builder":"on","_et_pb_old_content":"","_et_gb_content_width":"","inline_featured_image":false,"footnotes":""},"class_list":["post-228966","page","type-page","status-publish","hentry"],"yoast_head":"<!-- This site is optimized with the Yoast SEO plugin v23.1 - https:\/\/yoast.com\/wordpress\/plugins\/seo\/ -->\n<title>Feria Pontesan | Salud y bienestar para todos en Galicia<\/title>\n<meta name=\"description\" content=\"La feria Pontesan re\u00fane a profesionales e instituciones para promover la salud y el bienestar en Galicia. \u00a1No te la pierdas!\" \/>\n<meta name=\"robots\" content=\"index, follow, max-snippet:-1, max-image-preview:large, max-video-preview:-1\" \/>\n<link rel=\"canonical\" href=\"https:\/\/www.pontesan.es\/es\/sobre-pontesan\/\" \/>\n<meta property=\"og:locale\" content=\"es_ES\" \/>\n<meta property=\"og:type\" content=\"article\" \/>\n<meta property=\"og:title\" content=\"Feria Pontesan | Salud y bienestar para todos en Galicia\" \/>\n<meta property=\"og:description\" content=\"La feria Pontesan re\u00fane a profesionales e instituciones para promover la salud y el bienestar en Galicia. \u00a1No te la pierdas!\" \/>\n<meta property=\"og:url\" content=\"https:\/\/www.pontesan.es\/es\/sobre-pontesan\/\" \/>\n<meta property=\"og:site_name\" content=\"Pontesan\" \/>\n<meta property=\"article:modified_time\" content=\"2025-10-22T10:38:53+00:00\" \/>\n<meta property=\"og:image\" content=\"https:\/\/www.pontesan.es\/wp-content\/uploads\/2024\/09\/YOAST.jpg\" \/>\n\t<meta property=\"og:image:width\" content=\"1200\" \/>\n\t<meta property=\"og:image:height\" content=\"676\" \/>\n\t<meta property=\"og:image:type\" content=\"image\/jpeg\" \/>\n<meta name=\"twitter:card\" content=\"summary_large_image\" \/>\n<meta name=\"twitter:label1\" content=\"Tiempo de lectura\" \/>\n\t<meta name=\"twitter:data1\" content=\"7 minutos\" \/>\n<script type=\"application\/ld+json\" class=\"yoast-schema-graph\">{\"@context\":\"https:\/\/schema.org\",\"@graph\":[{\"@type\":\"WebPage\",\"@id\":\"https:\/\/www.pontesan.es\/sobre-pontesan\/\",\"url\":\"https:\/\/www.pontesan.es\/sobre-pontesan\/\",\"name\":\"Feria Pontesan | Salud y bienestar para todos en Galicia\",\"isPartOf\":{\"@id\":\"https:\/\/www.pontesan.es\/#website\"},\"datePublished\":\"2024-08-10T09:43:14+00:00\",\"dateModified\":\"2025-10-22T10:38:53+00:00\",\"description\":\"La feria Pontesan re\u00fane a profesionales e instituciones para promover la salud y el bienestar en Galicia. \u00a1No te la pierdas!\",\"breadcrumb\":{\"@id\":\"https:\/\/www.pontesan.es\/sobre-pontesan\/#breadcrumb\"},\"inLanguage\":\"es\",\"potentialAction\":[{\"@type\":\"ReadAction\",\"target\":[\"https:\/\/www.pontesan.es\/sobre-pontesan\/\"]}]},{\"@type\":\"BreadcrumbList\",\"@id\":\"https:\/\/www.pontesan.es\/sobre-pontesan\/#breadcrumb\",\"itemListElement\":[{\"@type\":\"ListItem\",\"position\":1,\"name\":\"Home\",\"item\":\"https:\/\/www.pontesan.es\/\"},{\"@type\":\"ListItem\",\"position\":2,\"name\":\"Sobre pontesan\"}]},{\"@type\":\"WebSite\",\"@id\":\"https:\/\/www.pontesan.es\/#website\",\"url\":\"https:\/\/www.pontesan.es\/\",\"name\":\"Pontesan\",\"description\":\"\",\"publisher\":{\"@id\":\"https:\/\/www.pontesan.es\/#organization\"},\"potentialAction\":[{\"@type\":\"SearchAction\",\"target\":{\"@type\":\"EntryPoint\",\"urlTemplate\":\"https:\/\/www.pontesan.es\/?s={search_term_string}\"},\"query-input\":\"required name=search_term_string\"}],\"inLanguage\":\"es\"},{\"@type\":\"Organization\",\"@id\":\"https:\/\/www.pontesan.es\/#organization\",\"name\":\"PonteS\u00e1n\",\"alternateName\":\"PonteS\u00e1n\",\"url\":\"https:\/\/www.pontesan.es\/\",\"logo\":{\"@type\":\"ImageObject\",\"inLanguage\":\"es\",\"@id\":\"https:\/\/www.pontesan.es\/#\/schema\/logo\/image\/\",\"url\":\"https:\/\/www.pontesan.es\/wp-content\/uploads\/2024\/09\/yoast-empresa.jpg\",\"contentUrl\":\"https:\/\/www.pontesan.es\/wp-content\/uploads\/2024\/09\/yoast-empresa.jpg\",\"width\":696,\"height\":696,\"caption\":\"PonteS\u00e1n\"},\"image\":{\"@id\":\"https:\/\/www.pontesan.es\/#\/schema\/logo\/image\/\"}}]}<\/script>\n<!-- \/ Yoast SEO plugin. -->","yoast_head_json":{"title":"Feria Pontesan | Salud y bienestar para todos en Galicia","description":"La feria Pontesan re\u00fane a profesionales e instituciones para promover la salud y el bienestar en Galicia. \u00a1No te la pierdas!","robots":{"index":"index","follow":"follow","max-snippet":"max-snippet:-1","max-image-preview":"max-image-preview:large","max-video-preview":"max-video-preview:-1"},"canonical":"https:\/\/www.pontesan.es\/es\/sobre-pontesan\/","og_locale":"es_ES","og_type":"article","og_title":"Feria Pontesan | Salud y bienestar para todos en Galicia","og_description":"La feria Pontesan re\u00fane a profesionales e instituciones para promover la salud y el bienestar en Galicia. \u00a1No te la pierdas!","og_url":"https:\/\/www.pontesan.es\/es\/sobre-pontesan\/","og_site_name":"Pontesan","article_modified_time":"2025-10-22T10:38:53+00:00","og_image":[{"width":1200,"height":676,"url":"https:\/\/www.pontesan.es\/wp-content\/uploads\/2024\/09\/YOAST.jpg","type":"image\/jpeg"}],"twitter_card":"summary_large_image","twitter_misc":{"Tiempo de lectura":"7 minutos"},"schema":{"@context":"https:\/\/schema.org","@graph":[{"@type":"WebPage","@id":"https:\/\/www.pontesan.es\/sobre-pontesan\/","url":"https:\/\/www.pontesan.es\/sobre-pontesan\/","name":"Feria Pontesan | Salud y bienestar para todos en Galicia","isPartOf":{"@id":"https:\/\/www.pontesan.es\/#website"},"datePublished":"2024-08-10T09:43:14+00:00","dateModified":"2025-10-22T10:38:53+00:00","description":"La feria Pontesan re\u00fane a profesionales e instituciones para promover la salud y el bienestar en Galicia. \u00a1No te la pierdas!","breadcrumb":{"@id":"https:\/\/www.pontesan.es\/sobre-pontesan\/#breadcrumb"},"inLanguage":"es","potentialAction":[{"@type":"ReadAction","target":["https:\/\/www.pontesan.es\/sobre-pontesan\/"]}]},{"@type":"BreadcrumbList","@id":"https:\/\/www.pontesan.es\/sobre-pontesan\/#breadcrumb","itemListElement":[{"@type":"ListItem","position":1,"name":"Home","item":"https:\/\/www.pontesan.es\/"},{"@type":"ListItem","position":2,"name":"Sobre pontesan"}]},{"@type":"WebSite","@id":"https:\/\/www.pontesan.es\/#website","url":"https:\/\/www.pontesan.es\/","name":"Pontesan","description":"","publisher":{"@id":"https:\/\/www.pontesan.es\/#organization"},"potentialAction":[{"@type":"SearchAction","target":{"@type":"EntryPoint","urlTemplate":"https:\/\/www.pontesan.es\/?s={search_term_string}"},"query-input":"required name=search_term_string"}],"inLanguage":"es"},{"@type":"Organization","@id":"https:\/\/www.pontesan.es\/#organization","name":"PonteS\u00e1n","alternateName":"PonteS\u00e1n","url":"https:\/\/www.pontesan.es\/","logo":{"@type":"ImageObject","inLanguage":"es","@id":"https:\/\/www.pontesan.es\/#\/schema\/logo\/image\/","url":"https:\/\/www.pontesan.es\/wp-content\/uploads\/2024\/09\/yoast-empresa.jpg","contentUrl":"https:\/\/www.pontesan.es\/wp-content\/uploads\/2024\/09\/yoast-empresa.jpg","width":696,"height":696,"caption":"PonteS\u00e1n"},"image":{"@id":"https:\/\/www.pontesan.es\/#\/schema\/logo\/image\/"}}]}},"_links":{"self":[{"href":"https:\/\/www.pontesan.es\/es\/wp-json\/wp\/v2\/pages\/228966"}],"collection":[{"href":"https:\/\/www.pontesan.es\/es\/wp-json\/wp\/v2\/pages"}],"about":[{"href":"https:\/\/www.pontesan.es\/es\/wp-json\/wp\/v2\/types\/page"}],"author":[{"embeddable":true,"href":"https:\/\/www.pontesan.es\/es\/wp-json\/wp\/v2\/users\/18"}],"replies":[{"embeddable":true,"href":"https:\/\/www.pontesan.es\/es\/wp-json\/wp\/v2\/comments?post=228966"}],"version-history":[{"count":155,"href":"https:\/\/www.pontesan.es\/es\/wp-json\/wp\/v2\/pages\/228966\/revisions"}],"predecessor-version":[{"id":232867,"href":"https:\/\/www.pontesan.es\/es\/wp-json\/wp\/v2\/pages\/228966\/revisions\/232867"}],"wp:attachment":[{"href":"https:\/\/www.pontesan.es\/es\/wp-json\/wp\/v2\/media?parent=228966"}],"curies":[{"name":"wp","href":"https:\/\/api.w.org\/{rel}","templated":true}]}}