{"id":228968,"date":"2024-08-10T11:43:40","date_gmt":"2024-08-10T09:43:40","guid":{"rendered":"https:\/\/www.pontesan.es\/?page_id=228968"},"modified":"2025-09-23T09:51:26","modified_gmt":"2025-09-23T07:51:26","slug":"programa","status":"publish","type":"page","link":"https:\/\/www.pontesan.es\/es\/programa\/","title":{"rendered":"Programa"},"content":{"rendered":"<p>[et_pb_section fb_built=&#8221;1&#8243; admin_label=&#8221;pon-17&#8243; module_class=&#8221;pon-17&#8243; _builder_version=&#8221;4.26.0&#8243; _module_preset=&#8221;default&#8221; locked=&#8221;off&#8221; collapsed=&#8221;off&#8221; global_colors_info=&#8221;{}&#8221;][et_pb_row _builder_version=&#8221;4.26.0&#8243; _module_preset=&#8221;default&#8221; background_image=&#8221;https:\/\/www.pontesan.es\/wp-content\/uploads\/2024\/08\/banner-programa.jpg&#8221; width=&#8221;100%&#8221; max_width=&#8221;1920px&#8221; custom_padding=&#8221;123px||136px||false|false&#8221; global_colors_info=&#8221;{}&#8221;][et_pb_column type=&#8221;4_4&#8243; _builder_version=&#8221;4.26.0&#8243; _module_preset=&#8221;default&#8221; global_colors_info=&#8221;{}&#8221;][\/et_pb_column][\/et_pb_row][\/et_pb_section][et_pb_section fb_built=&#8221;1&#8243; admin_label=&#8221;pon-18&#8243; module_class=&#8221;pon-18&#8243; _builder_version=&#8221;4.26.0&#8243; _module_preset=&#8221;default&#8221; global_colors_info=&#8221;{}&#8221;][et_pb_row _builder_version=&#8221;4.26.0&#8243; _module_preset=&#8221;default&#8221; width=&#8221;100%&#8221; max_width=&#8221;1920px&#8221; custom_padding=&#8221;0px||0px||false|false&#8221; global_colors_info=&#8221;{}&#8221;][et_pb_column type=&#8221;4_4&#8243; module_class=&#8221;flex-box&#8221; _builder_version=&#8221;4.26.0&#8243; _module_preset=&#8221;default&#8221; global_colors_info=&#8221;{}&#8221;][et_pb_text admin_label=&#8221;VI edici\u00f3n: 2025&#8243; module_class=&#8221;box-title-3 box&#8221; _builder_version=&#8221;4.26.0&#8243; _module_preset=&#8221;default&#8221; header_font=&#8221;|||on|||||&#8221; header_text_color=&#8221;#282F4B&#8221; header_font_size=&#8221;2.7rem&#8221; header_2_font_size=&#8221;36px&#8221; background_color=&#8221;#FFFFFF&#8221; text_orientation=&#8221;center&#8221; max_width_tablet=&#8221;&#8221; max_width_phone=&#8221;&#8221; max_width_last_edited=&#8221;on|phone&#8221; module_alignment=&#8221;center&#8221; custom_margin=&#8221;-70px||||false|false&#8221; custom_margin_tablet=&#8221;-70px||||false|false&#8221; custom_margin_phone=&#8221;-40px||||false|false&#8221; custom_margin_last_edited=&#8221;on|phone&#8221; custom_padding=&#8221;5px||20px||false|true&#8221; custom_padding_tablet=&#8221;5px||15px||false|true&#8221; custom_padding_phone=&#8221;10px||15px||false|true&#8221; custom_padding_last_edited=&#8221;on|desktop&#8221; animation_style=&#8221;fade&#8221; box_shadow_style=&#8221;preset1&#8243; box_shadow_vertical=&#8221;4px&#8221; box_shadow_blur=&#8221;14px&#8221; locked=&#8221;off&#8221; global_colors_info=&#8221;{}&#8221;]<\/p>\n<h1>VI edici\u00f3n: 2025<\/h1>\n<p>[\/et_pb_text][\/et_pb_column][\/et_pb_row][et_pb_row custom_padding_last_edited=&#8221;on|phone&#8221; _builder_version=&#8221;4.26.0&#8243; _module_preset=&#8221;default&#8221; max_width=&#8221;710px&#8221; module_alignment=&#8221;center&#8221; custom_padding=&#8221;60px||||false|false&#8221; custom_padding_tablet=&#8221;60px||||false|false&#8221; custom_padding_phone=&#8221;30px||||false|false&#8221; animation_style=&#8221;fade&#8221; locked=&#8221;off&#8221; global_colors_info=&#8221;{}&#8221;][et_pb_column type=&#8221;4_4&#8243; _builder_version=&#8221;4.26.0&#8243; _module_preset=&#8221;default&#8221; global_colors_info=&#8221;{}&#8221;][et_pb_text admin_label=&#8221;stands&#8221; module_id=&#8221;stands&#8221; _builder_version=&#8221;4.26.0&#8243; _module_preset=&#8221;default&#8221; header_2_font=&#8221;|||on|||||&#8221; header_2_text_align=&#8221;center&#8221; header_2_text_color=&#8221;#282F4B&#8221; header_2_font_size=&#8221;2.3rem&#8221; global_colors_info=&#8221;{}&#8221;]<\/p>\n<h2>stands<\/h2>\n<p>[\/et_pb_text][et_pb_text admin_label=&#8221;Cada ano&#8230;&#8221; _builder_version=&#8221;4.26.0&#8243; _module_preset=&#8221;default&#8221; text_text_color=&#8221;#191919&#8243; text_line_height=&#8221;1.3em&#8221; text_orientation=&#8221;center&#8221; module_alignment=&#8221;center&#8221; custom_padding=&#8221;10px|30px|30px|30px|false|true&#8221; custom_padding_tablet=&#8221;10px|30px|30px|30px|false|true&#8221; custom_padding_phone=&#8221;||0px||false|true&#8221; custom_padding_last_edited=&#8221;on|phone&#8221; global_colors_info=&#8221;{}&#8221;]<\/p>\n<p class=\"translation-block\">Cada a\u00f1o, <strong>decenas de asociaciones y agrupaciones<\/strong> de todo tipo gozan de un espacio reservado en la feria para que puedan <strong>informar libremente a la ciudadan\u00eda<\/strong> interesada sobre las funciones, preocupaciones y objetivos que los llevan a trabajar en el d\u00eda a d\u00eda.<\/p>\n<p>[\/et_pb_text][et_pb_button button_url=&#8221;\/wp-content\/uploads\/2024\/09\/Stands-PonteSan.pdf&#8221; url_new_window=&#8221;on&#8221; button_text=&#8221;Mapa de stands&#8221; button_alignment=&#8221;center&#8221; disabled_on=&#8221;on|on|on&#8221; module_class=&#8221;btn sep&#8221; _builder_version=&#8221;4.26.0&#8243; _module_preset=&#8221;default&#8221; custom_button=&#8221;on&#8221; button_text_color=&#8221;#FFFFFF&#8221; button_bg_color=&#8221;#282F4B&#8221; button_border_color=&#8221;#282F4B&#8221; button_border_radius=&#8221;50px&#8221; button_use_icon=&#8221;off&#8221; custom_margin=&#8221;||30px||false|false&#8221; custom_padding=&#8221;10px|50px|10px|50px|true|true&#8221; disabled=&#8221;on&#8221; locked=&#8221;off&#8221; global_colors_info=&#8221;{}&#8221; button_text_color__hover=&#8221;#282F4B&#8221; button_text_color__hover_enabled=&#8221;on|hover&#8221; button_bg_color__hover=&#8221;#FFFFFF&#8221; button_bg_color__hover_enabled=&#8221;on|hover&#8221;][\/et_pb_button][\/et_pb_column][\/et_pb_row][\/et_pb_section][et_pb_section fb_built=&#8221;1&#8243; admin_label=&#8221;pon-19&#8243; module_class=&#8221;pon-19&#8243; _builder_version=&#8221;4.26.0&#8243; _module_preset=&#8221;default&#8221; animation_style=&#8221;fade&#8221; global_colors_info=&#8221;{}&#8221;][et_pb_row make_equal=&#8221;on&#8221; custom_padding_last_edited=&#8221;on|phone&#8221; _builder_version=&#8221;4.26.0&#8243; _module_preset=&#8221;default&#8221; width=&#8221;100%&#8221; max_width=&#8221;1920px&#8221; custom_padding=&#8221;0px||0px||false|false&#8221; custom_padding_tablet=&#8221;||||false|false&#8221; custom_padding_phone=&#8221;0px||0px||false|false&#8221; global_colors_info=&#8221;{}&#8221;][et_pb_column type=&#8221;4_4&#8243; _builder_version=&#8221;4.26.0&#8243; _module_preset=&#8221;default&#8221; global_colors_info=&#8221;{}&#8221;][et_pb_tabs active_tab_background_color=&#8221;#FFFFFF&#8221; inactive_tab_background_color=&#8221;#FFFFFF&#8221; active_tab_text_color=&#8221;#282F4B&#8221; _builder_version=&#8221;4.26.0&#8243; _module_preset=&#8221;default&#8221; tab_text_color=&#8221;#9CA1C1&#8243; tab_font=&#8221;|||on|||||&#8221; tab_font_size=&#8221;28px&#8221; use_background_color_gradient=&#8221;on&#8221; background_color_gradient_direction=&#8221;46deg&#8221; background_color_gradient_stops=&#8221;#e7dcd0 0%|#ffffff 100%&#8221; hover_enabled=&#8221;0&#8243; tab_font_size_tablet=&#8221;28px&#8221; tab_font_size_phone=&#8221;22px&#8221; tab_font_size_last_edited=&#8221;on|phone&#8221; border_width_all=&#8221;0px&#8221; global_colors_info=&#8221;{}&#8221; sticky_enabled=&#8221;0&#8243;][et_pb_tab title=&#8221;Asociaci\u00f3ns&#8221; _builder_version=&#8221;4.26.0&#8243; _module_preset=&#8221;default&#8221; tab_font_size=&#8221;1.5rem&#8221; hover_enabled=&#8221;0&#8243; global_colors_info=&#8221;{}&#8221; sticky_enabled=&#8221;0&#8243;][et_pb_section global_module=\"232669 \"][\/et_pb_section][\/et_pb_tab][et_pb_tab title=&#8221;Clubs deportivos&#8221; _builder_version=&#8221;4.26.0&#8243; _module_preset=&#8221;default&#8221; tab_font_size=&#8221;1.5rem&#8221; hover_enabled=&#8221;0&#8243; global_colors_info=&#8221;{}&#8221; sticky_enabled=&#8221;0&#8243;]<\/p>\n[et_pb_section global_module=\"232685 \"][\/et_pb_section]\n<p>[\/et_pb_tab][et_pb_tab title=&#8221;Colexios oficiais&#8221; _builder_version=&#8221;4.26.0&#8243; _module_preset=&#8221;default&#8221; tab_font_size=&#8221;1.5rem&#8221; hover_enabled=&#8221;0&#8243; global_colors_info=&#8221;{}&#8221; sticky_enabled=&#8221;0&#8243;]<\/p>\n[et_pb_section global_module=\"232703 \"][\/et_pb_section]\n<p>[\/et_pb_tab][et_pb_tab title=&#8221;Fundaci\u00f3ns&#8221; _builder_version=&#8221;4.26.0&#8243; _module_preset=&#8221;default&#8221; tab_font_size=&#8221;1.5rem&#8221; hover_enabled=&#8221;0&#8243; global_colors_info=&#8221;{}&#8221; sticky_enabled=&#8221;0&#8243;]<\/p>\n[et_pb_section global_module=\"232716 \"][\/et_pb_section]\n<p>[\/et_pb_tab][et_pb_tab title=&#8221;admin. p\u00fablicas&#8221; _builder_version=&#8221;4.26.0&#8243; _module_preset=&#8221;default&#8221; tab_font_size=&#8221;1.5rem&#8221; hover_enabled=&#8221;0&#8243; global_colors_info=&#8221;{}&#8221; sticky_enabled=&#8221;0&#8243;]<\/p>\n[et_pb_section global_module=\"232728 \"][\/et_pb_section]\n<p>[\/et_pb_tab][et_pb_tab title=&#8221;outras&#8221; _builder_version=&#8221;4.26.0&#8243; _module_preset=&#8221;default&#8221; tab_font_size=&#8221;1.5rem&#8221; hover_enabled=&#8221;0&#8243; global_colors_info=&#8221;{}&#8221; sticky_enabled=&#8221;0&#8243;]<\/p>\n[et_pb_section global_module=\"232737 \"][\/et_pb_section]\n<p>[\/et_pb_tab][\/et_pb_tabs][\/et_pb_column][\/et_pb_row][\/et_pb_section][et_pb_section fb_built=&#8221;1&#8243; admin_label=&#8221;pon-20&#8243; module_class=&#8221;pon-18&#8243; _builder_version=&#8221;4.26.0&#8243; _module_preset=&#8221;default&#8221; animation_style=&#8221;fade&#8221; locked=&#8221;off&#8221; global_colors_info=&#8221;{}&#8221;][et_pb_row custom_padding_last_edited=&#8221;on|phone&#8221; _builder_version=&#8221;4.26.0&#8243; _module_preset=&#8221;default&#8221; max_width=&#8221;671px&#8221; module_alignment=&#8221;center&#8221; custom_padding=&#8221;90px||70px||false|false&#8221; custom_padding_tablet=&#8221;90px||70px||false|false&#8221; custom_padding_phone=&#8221;25px||25px||false|false&#8221; locked=&#8221;off&#8221; global_colors_info=&#8221;{}&#8221;][et_pb_column type=&#8221;4_4&#8243; _builder_version=&#8221;4.26.0&#8243; _module_preset=&#8221;default&#8221; global_colors_info=&#8221;{}&#8221;][et_pb_text admin_label=&#8221;Actividades, ponencias&#8230;&#8221; module_id=&#8221;actividades&#8221; _builder_version=&#8221;4.26.0&#8243; _module_preset=&#8221;default&#8221; header_2_font=&#8221;|||on|||||&#8221; header_2_text_align=&#8221;center&#8221; header_2_text_color=&#8221;#282F4B&#8221; header_2_font_size=&#8221;2.3rem&#8221; global_colors_info=&#8221;{}&#8221;]<\/p>\n<h2>Actividades y oratorias<\/h2>\n<p>[\/et_pb_text][et_pb_text admin_label=&#8221;Ademais de apoiar&#8230;&#8221; _builder_version=&#8221;4.26.0&#8243; _module_preset=&#8221;default&#8221; text_text_color=&#8221;#191919&#8243; text_line_height=&#8221;1.3em&#8221; text_orientation=&#8221;center&#8221; max_width=&#8221;720px&#8221; module_alignment=&#8221;center&#8221; custom_padding=&#8221;10px|30px|30px|30px|false|true&#8221; global_colors_info=&#8221;{}&#8221;]<\/p>\n<p>Adem\u00e1s de <strong>apoyar y fomentar los buenos h\u00e1bitos en salud<\/strong>, alimentaci\u00f3n y bienestar, en esta edici\u00f3n 2025, ponemos el foco en la concienciaci\u00f3n de la ciudadan\u00eda sobre la importancia de la informaci\u00f3n y de la desinformaci\u00f3n actual. Durante dos d\u00edas podr\u00e1s gozar de actividades y oratorias sobre estos temas completamente <strong>gratis.<\/strong>.<\/p>\n<p>[\/et_pb_text][et_pb_button button_url=&#8221;\/wp-content\/uploads\/2025\/09\/Programa-imprimible-Gal.pdf&#8221; url_new_window=&#8221;on&#8221; button_text=&#8221;Programa imprimible&#8221; button_alignment=&#8221;center&#8221; disabled_on=&#8221;off|off|off&#8221; admin_label=&#8221;Programa imprimible&#8221; module_class=&#8221;btn sep&#8221; _builder_version=&#8221;4.26.0&#8243; _module_preset=&#8221;default&#8221; custom_button=&#8221;on&#8221; button_text_color=&#8221;#FFFFFF&#8221; button_bg_color=&#8221;#282F4B&#8221; button_border_color=&#8221;#282F4B&#8221; button_border_radius=&#8221;50px&#8221; button_use_icon=&#8221;off&#8221; custom_padding=&#8221;10px|50px|10px|50px|true|true&#8221; locked=&#8221;off&#8221; global_colors_info=&#8221;{}&#8221; button_text_color__hover=&#8221;#282F4B&#8221; button_text_color__hover_enabled=&#8221;on|hover&#8221; button_bg_color__hover=&#8221;#FFFFFF&#8221; button_bg_color__hover_enabled=&#8221;on|hover&#8221;][\/et_pb_button][\/et_pb_column][\/et_pb_row][\/et_pb_section][et_pb_section fb_built=&#8221;1&#8243; custom_padding_last_edited=&#8221;on|phone&#8221; admin_label=&#8221;pon-21&#8243; module_class=&#8221;pon-21&#8243; _builder_version=&#8221;4.26.0&#8243; _module_preset=&#8221;default&#8221; custom_padding=&#8221;||100px||false|false&#8221; custom_padding_tablet=&#8221;||100px||false|false&#8221; custom_padding_phone=&#8221;||25px||false|false&#8221; animation_style=&#8221;fade&#8221; global_colors_info=&#8221;{}&#8221;][et_pb_row custom_padding_last_edited=&#8221;on|phone&#8221; _builder_version=&#8221;4.26.0&#8243; _module_preset=&#8221;default&#8221; width=&#8221;90%&#8221; max_width=&#8221;1920px&#8221; custom_padding_tablet=&#8221;||0px||false|false&#8221; custom_padding_phone=&#8221;||0px||false|false&#8221; global_colors_info=&#8221;{}&#8221;][et_pb_column type=&#8221;4_4&#8243; _builder_version=&#8221;4.26.0&#8243; _module_preset=&#8221;default&#8221; global_colors_info=&#8221;{}&#8221;][et_pb_tabs active_tab_background_color=&#8221;#FFFFFF&#8221; inactive_tab_background_color=&#8221;#FFFFFF&#8221; active_tab_text_color=&#8221;#282F4B&#8221; module_class=&#8221;contenido&#8221; _builder_version=&#8221;4.26.0&#8243; _module_preset=&#8221;default&#8221; tab_text_color=&#8221;#9CA1C1&#8243; tab_font=&#8221;|||on|||||&#8221; tab_font_size=&#8221;28px&#8221; tab_font_size_tablet=&#8221;28px&#8221; tab_font_size_phone=&#8221;22px&#8221; tab_font_size_last_edited=&#8221;on|phone&#8221; border_width_all=&#8221;0px&#8221; global_colors_info=&#8221;{}&#8221;][et_pb_tab title=&#8221;Venres 26&#8243; _builder_version=&#8221;4.26.0&#8243; _module_preset=&#8221;default&#8221; tab_font_size=&#8221;1.5rem&#8221; global_colors_info=&#8221;{}&#8221;]<\/p>\n<div class=\"indice\">\n<div class=\"opc\">\n<div class=\"verde\">\u00a0<\/div>\n<p class=\"section\">Actividades<\/p>\n<\/div>\n<div class=\"opc\">\n<div class=\"naranja\">\u00a0<\/div>\n<p class=\"section\">Oratorias<\/p>\n<\/div>\n<p><!--<\/p>\n\n\n\n\n<div class=\"opc\">\n\n\n<div class=\"amarillo\"><\/div>\n\n\n\n\n<p class=\"section\">Presentaciones<\/p>\n\n\n<\/div>\n\n\n\n\n<p>--><\/p>\n<\/div>\n[et_pb_section global_module=\"232493 \"][\/et_pb_section]\n<p>[\/et_pb_tab][et_pb_tab title=&#8221;S\u00e1bado 27&#8243; _builder_version=&#8221;4.26.0&#8243; _module_preset=&#8221;default&#8221; tab_font_size=&#8221;1.5rem&#8221; global_colors_info=&#8221;{}&#8221;]<\/p>\n<div class=\"indice\">\n<div class=\"opc\">\n<div class=\"verde\"><\/div>\n<p class=\"section\">Actividades<\/p>\n<\/div>\n<div class=\"opc\">\n<div class=\"naranja\"><\/div>\n<p class=\"section\">Oratorias<\/p>\n<\/div>\n<p><!--\n\n\n<div class=\"opc\">\n\n\n<div class=\"amarillo\"><\/div>\n\n\n\n\n<p class=\"section\">Presentaciones<\/p>\n\n\n<\/div>\n\n\n-->\n<\/div>\n[et_pb_section global_module=\"232487 \"][\/et_pb_section]\n<p>[\/et_pb_tab][\/et_pb_tabs][\/et_pb_column][\/et_pb_row][\/et_pb_section][et_pb_section fb_built=&#8221;1&#8243; custom_padding_last_edited=&#8221;on|phone&#8221; disabled_on=&#8221;off|off|off&#8221; admin_label=&#8221;pon-22&#8243; module_class=&#8221;pon-22&#8243; _builder_version=&#8221;4.26.0&#8243; _module_preset=&#8221;default&#8221; background_color=&#8221;#dcdcf2&#8243; custom_padding=&#8221;70px||70px||true|false&#8221; custom_padding_tablet=&#8221;70px||70px||true|false&#8221; custom_padding_phone=&#8221;30px||20px||false|false&#8221; animation_style=&#8221;fade&#8221; global_colors_info=&#8221;{}&#8221;][et_pb_row _builder_version=&#8221;4.26.0&#8243; _module_preset=&#8221;default&#8221; global_colors_info=&#8221;{}&#8221;][et_pb_column type=&#8221;4_4&#8243; _builder_version=&#8221;4.26.0&#8243; _module_preset=&#8221;default&#8221; global_colors_info=&#8221;{}&#8221;][et_pb_text admin_label=&#8221;Podes descargar&#8230;&#8221; module_class=&#8221;gabri&#8221; _builder_version=&#8221;4.26.0&#8243; _module_preset=&#8221;default&#8221; text_text_color=&#8221;#282F4B&#8221; text_font_size=&#8221;1.5rem&#8221; text_line_height=&#8221;1.2em&#8221; text_orientation=&#8221;center&#8221; max_width=&#8221;770px&#8221; module_alignment=&#8221;center&#8221; custom_padding=&#8221;||25px||false|false&#8221; text_font_size_tablet=&#8221;30px&#8221; text_font_size_phone=&#8221;24px&#8221; text_font_size_last_edited=&#8221;on|phone&#8221; global_colors_info=&#8221;{}&#8221;]Podes descargar debaixo o mapa de stands e o programa completo da feira[\/et_pb_text][et_pb_button button_url=&#8221;\/wp-content\/uploads\/2024\/09\/Stands-PonteSan.pdf&#8221; url_new_window=&#8221;on&#8221; button_text=&#8221;Mapa de stands&#8221; disabled_on=&#8221;on|on|on&#8221; admin_label=&#8221;Mapa stands&#8221; module_class=&#8221;btn sep inline&#8221; _builder_version=&#8221;4.26.0&#8243; _module_preset=&#8221;default&#8221; custom_button=&#8221;on&#8221; button_text_color=&#8221;#FFFFFF&#8221; button_bg_color=&#8221;#282F4B&#8221; button_border_color=&#8221;#282F4B&#8221; button_border_radius=&#8221;50px&#8221; button_use_icon=&#8221;off&#8221; custom_margin=&#8221;|30px|0px||false|false&#8221; custom_padding=&#8221;|25px||25px|false|true&#8221; disabled=&#8221;on&#8221; locked=&#8221;off&#8221; global_colors_info=&#8221;{}&#8221; button_text_color__hover=&#8221;#282F4B&#8221; button_text_color__hover_enabled=&#8221;on|hover&#8221; button_bg_color__hover=&#8221;RGBA(255,255,255,0)&#8221; button_bg_color__hover_enabled=&#8221;on|hover&#8221; button_bg_enable_color__hover=&#8221;on&#8221;][\/et_pb_button][et_pb_button button_url=&#8221;\/wp-content\/uploads\/2025\/09\/Programa-imprimible-Gal.pdf&#8221; url_new_window=&#8221;on&#8221; button_text=&#8221;Programa imprimible&#8221; disabled_on=&#8221;off|off|off&#8221; admin_label=&#8221;Programa imprimible&#8221; module_class=&#8221;btn sep inline&#8221; _builder_version=&#8221;4.26.0&#8243; _module_preset=&#8221;default&#8221; custom_button=&#8221;on&#8221; button_text_color=&#8221;#FFFFFF&#8221; button_bg_color=&#8221;#282F4B&#8221; button_border_color=&#8221;#282F4B&#8221; button_border_radius=&#8221;50px&#8221; button_use_icon=&#8221;off&#8221; custom_margin=&#8221;||0px||false|false&#8221; custom_padding=&#8221;|25px||25px|false|true&#8221; locked=&#8221;off&#8221; global_colors_info=&#8221;{}&#8221; button_text_color__hover=&#8221;#282F4B&#8221; button_text_color__hover_enabled=&#8221;on|hover&#8221; button_bg_color__hover=&#8221;RGBA(255,255,255,0)&#8221; button_bg_color__hover_enabled=&#8221;on|hover&#8221; button_bg_enable_color__hover=&#8221;on&#8221;][\/et_pb_button][\/et_pb_column][\/et_pb_row][\/et_pb_section]<\/p>","protected":false},"excerpt":{"rendered":"<p>VI edici\u00f3n: 2025standsCada ano, decenas de asociaci\u00f3ns e agrupaci\u00f3ns de todo tipo gozan dun espazo reservado na feira para que poidan informar libremente \u00e1 cidadan\u00eda interesada sobre as funci\u00f3ns, preocupaci\u00f3ns e obxectivos que os levan a traballar no d\u00eda a d\u00eda.<div class=\"et_pb_section et_pb_section_1 aso-01 et_section_regular\" >\n\t\t\t\t\n\t\t\t\t\n\t\t\t\t\n\t\t\t\t\n\t\t\t\t\n\t\t\t\t\n\t\t\t\t<div class=\"et_pb_row et_pb_row_0 box-container\">\n\t\t\t\t<div class=\"et_pb_column et_pb_column_4_4 et_pb_column_0  et_pb_css_mix_blend_mode_passthrough et-last-child\">\n\t\t\t\t\n\t\t\t\t\n\t\t\t\t\n\t\t\t\t\n\t\t\t\t<div class=\"et_pb_module et_pb_text et_pb_text_0 box-eve et_pb_section_video_on_hover et_pb_section_parallax_hover  et_pb_text_align_left et_pb_bg_layout_light\">\n\t\t\t\t\n\t\t\t\t\n\t\t\t\t\n\t\t\t\t\n\t\t\t\t<div class=\"et_pb_text_inner\"><div class=\"container\">\n<img decoding=\"async\" src=\"\/wp-content\/uploads\/2024\/08\/adahpo.png\" alt=\"\"><\/p>\n<p class=\"text-stands\">Trabajamos para ser un referente en la atenci\u00f3n a la diversidad.<\/p>\n<p><a class=\"link-stands\" href=\"https:\/\/adahpo.org\" target=\"_blank\" rel=\"noopener\">Saber m\u00e1s<\/a>\n<\/div><\/div>\n\t\t\t<\/div><div class=\"et_pb_module et_pb_text et_pb_text_1 box-eve et_pb_section_video_on_hover et_pb_section_parallax_hover  et_pb_text_align_left et_pb_bg_layout_light\">\n\t\t\t\t\n\t\t\t\t\n\t\t\t\t\n\t\t\t\t\n\t\t\t\t<div class=\"et_pb_text_inner\"><div class=\"container\">\n<img decoding=\"async\" src=\"\/wp-content\/uploads\/2024\/08\/Adicam.png\" alt=\"\"><\/p>\n<p class=\"text-stands\">Asociaci\u00f3n de personas afectadas de c\u00e1ncer de mama y ginecol\u00f3gico, que realiza apoyo social y promueve servicios complementarios.<\/p>\n<p><a class=\"link-stands\" href=\"https:\/\/adicam.net\" target=\"_blank\" rel=\"noopener\">Saber m\u00e1s<\/a>\n<\/div><\/div>\n\t\t\t<\/div><div class=\"et_pb_module et_pb_text et_pb_text_2 box-eve et_pb_section_video_on_hover et_pb_section_parallax_hover  et_pb_text_align_left et_pb_bg_layout_light\">\n\t\t\t\t\n\t\t\t\t\n\t\t\t\t\n\t\t\t\t\n\t\t\t\t<div class=\"et_pb_text_inner\"><div class=\"container\">\n<img decoding=\"async\" src=\"\/wp-content\/uploads\/2024\/08\/Grupo-4002.png\" alt=\"\"><\/p>\n<p class=\"text-stands\">Pacientes de cardiolog\u00eda, con la patolog\u00eda de miocardiopat\u00eda hipertr\u00f3fica, crearon una asociaci\u00f3n para visibilizar su enfermedad y normalizarla<\/p>\n<p><a class=\"link-stands\" href=\"https:\/\/miocardiopatia.com\/\" target=\"_blank\" rel=\"noopener\">Saber m\u00e1s<\/a>\n<\/div><\/div>\n\t\t\t<\/div><div class=\"et_pb_module et_pb_text et_pb_text_3 box-eve et_pb_section_video_on_hover et_pb_section_parallax_hover  et_pb_text_align_left et_pb_bg_layout_light\">\n\t\t\t\t\n\t\t\t\t\n\t\t\t\t\n\t\t\t\t\n\t\t\t\t<div class=\"et_pb_text_inner\"><div class=\"container\">\n<img decoding=\"async\" src=\"\/wp-content\/uploads\/2024\/08\/Afapo.png\" alt=\"\"><\/p>\n<p class=\"text-stands\">AFAPO es la asociaci\u00f3n de familiares de enfermos de Alzheimer y otras demencias de la provincia de Pontevedra.<\/p>\n<p><a class=\"link-stands\" href=\"https:\/\/www.afapo.es\" target=\"_blank\" rel=\"noopener\">Saber m\u00e1s<\/a>\n<\/div><\/div>\n\t\t\t<\/div><div class=\"et_pb_module et_pb_text et_pb_text_4 box-eve et_pb_section_video_on_hover et_pb_section_parallax_hover  et_pb_text_align_left et_pb_bg_layout_light\">\n\t\t\t\t\n\t\t\t\t\n\t\t\t\t\n\t\t\t\t\n\t\t\t\t<div class=\"et_pb_text_inner\"><div class=\"container\">\n<img decoding=\"async\" src=\"\/wp-content\/uploads\/2024\/08\/Asoc.-Gal-de-Lupus.png\" alt=\"\"><\/p>\n<p class=\"text-stands\">La primera asociaci\u00f3n de Lupus en Galicia. Desde 1997 buscando una mejora de la calidad de vida de las personas con Lupus.<\/p>\n<p><a class=\"link-stands\" href=\"https:\/\/lupusgalicia.org\/\" target=\"_blank\" rel=\"noopener\">Saber m\u00e1s<\/a>\n<\/div><\/div>\n\t\t\t<\/div><div class=\"et_pb_module et_pb_text et_pb_text_5 box-eve et_pb_section_video_on_hover et_pb_section_parallax_hover  et_pb_text_align_left et_pb_bg_layout_light\">\n\t\t\t\t\n\t\t\t\t\n\t\t\t\t\n\t\t\t\t\n\t\t\t\t<div class=\"et_pb_text_inner\"><div class=\"container\">\n<img decoding=\"async\" src=\"\/wp-content\/uploads\/2024\/08\/Agaela.png\" alt=\"\"><\/p>\n<p class=\"text-stands\">AGAELA es la Asociaci\u00f3n Galega de Afectados pola Esclerose Lateral Amiotr\u00f3fica, y agrupa a afectados, familiares, colaboradores y voluntarios.<\/p>\n<p><a class=\"link-stands\" href=\"https:\/\/agaela.es\" target=\"_blank\" rel=\"noopener\">Saber m\u00e1s<\/a>\n<\/div><\/div>\n\t\t\t<\/div><div class=\"et_pb_module et_pb_text et_pb_text_7 box-eve et_pb_section_video_on_hover et_pb_section_parallax_hover  et_pb_text_align_left et_pb_bg_layout_light\">\n\t\t\t\t\n\t\t\t\t\n\t\t\t\t\n\t\t\t\t\n\t\t\t\t<div class=\"et_pb_text_inner\"><div class=\"container\">\n<img decoding=\"async\" src=\"\/wp-content\/uploads\/2024\/08\/Asc.-galega-enfermeria-gamilia-e-comunitaria.png\" alt=\"\"><\/p>\n<p class=\"text-stands\">AGEFEC es una asociaci\u00f3n de enfermer\u00eda cient\u00edfica y profesional que vela por el adecuado desarrollo de la Enfermer\u00eda Familiar y Comunitaria en Galicia.<\/p>\n<p><a class=\"link-stands\" href=\"https:\/\/www.agefec.org\/web\/\" target=\"_blank\" rel=\"noopener\">Saber m\u00e1s<\/a>\n<\/div><\/div>\n\t\t\t<\/div><div class=\"et_pb_module et_pb_text et_pb_text_8 box-eve et_pb_section_video_on_hover et_pb_section_parallax_hover  et_pb_text_align_left et_pb_bg_layout_light\">\n\t\t\t\t\n\t\t\t\t\n\t\t\t\t\n\t\t\t\t\n\t\t\t\t<div class=\"et_pb_text_inner\"><div class=\"container\">\n<img decoding=\"async\" src=\"\/wp-content\/uploads\/2024\/08\/ahuce.png\" alt=\"\"><\/p>\n<p class=\"text-stands translation-block\">AHUCE: fundada en decembro de 1994.<br>\r\nO seu obxectivo principal \u00e9 mellorar a calidade de vida das persoas con osteox\u00e9nese imperfecta (OI) e a das s\u00faas familias.<\/p>\n<p><a class=\"link-stands\" href=\"http:\/\/www.ahuce.org\/\" target=\"_blank\" rel=\"noopener\">Saber m\u00e1s<\/a>\n<\/div><\/div>\n\t\t\t<\/div><div class=\"et_pb_module et_pb_text et_pb_text_9 box-eve et_pb_section_video_on_hover et_pb_section_parallax_hover  et_pb_text_align_left et_pb_bg_layout_light\">\n\t\t\t\t\n\t\t\t\t\n\t\t\t\t\n\t\t\t\t\n\t\t\t\t<div class=\"et_pb_text_inner\"><div class=\"container\">\n<img decoding=\"async\" src=\"\/wp-content\/uploads\/2024\/08\/Asoc.-Alba.png\" alt=\"\"><\/p>\n<p class=\"text-stands\">La finalidad de la Asociaci\u00f3n es favorecer una vida digna y plena para las personas con enfermedad mental y sus familias, mejorando su ajuste psicosocial y calidad de vida.<\/p>\n<p><a class=\"link-stands\" href=\"https:\/\/albapontevedra.org\/\" target=\"_blank\" rel=\"noopener\">Saber m\u00e1s<\/a>\n<\/div><\/div>\n\t\t\t<\/div><div class=\"et_pb_module et_pb_text et_pb_text_10 box-eve et_pb_section_video_on_hover et_pb_section_parallax_hover  et_pb_text_align_left et_pb_bg_layout_light\">\n\t\t\t\t\n\t\t\t\t\n\t\t\t\t\n\t\t\t\t\n\t\t\t\t<div class=\"et_pb_text_inner\"><div class=\"container\">\n<img decoding=\"async\" src=\"\/wp-content\/uploads\/2024\/08\/Alcer.png\" alt=\"\"><\/p>\n<p class=\"text-stands\">Mejorar la calidad de vida de las personas con enfermedad renal en todos sus aspectos, fomentando la prevenci\u00f3n y la investigaci\u00f3n.<\/p>\n<p><a class=\"link-stands\" href=\"https:\/\/alcer.org\" target=\"_blank\" rel=\"noopener\">Saber m\u00e1s<\/a>\n<\/div><\/div>\n\t\t\t<\/div><div class=\"et_pb_module et_pb_text et_pb_text_11 box-eve et_pb_section_video_on_hover et_pb_section_parallax_hover  et_pb_text_align_left et_pb_bg_layout_light\">\n\t\t\t\t\n\t\t\t\t\n\t\t\t\t\n\t\t\t\t\n\t\t\t\t<div class=\"et_pb_text_inner\"><div class=\"container\">\n<img decoding=\"async\" src=\"\/wp-content\/uploads\/2024\/08\/Amencer-Aspace.png\" alt=\"\"><\/p>\n<p class=\"text-stands\">Asociaci\u00f3n de familias de personas con par\u00e1lisis cerebral y otros trastornos neuro-motores.<\/p>\n<p><a class=\"link-stands\" href=\"https:\/\/www.amencer-aspace.org\" target=\"_blank\" rel=\"noopener\">Saber m\u00e1s<\/a>\n<\/div><\/div>\n\t\t\t<\/div><div class=\"et_pb_module et_pb_text et_pb_text_12 box-eve et_pb_section_video_on_hover et_pb_section_parallax_hover  et_pb_text_align_left et_pb_bg_layout_light\">\n\t\t\t\t\n\t\t\t\t\n\t\t\t\t\n\t\t\t\t\n\t\t\t\t<div class=\"et_pb_text_inner\"><div class=\"container\">\n<img decoding=\"async\" src=\"\/wp-content\/uploads\/2024\/08\/Anedia.png\" alt=\"\"><\/p>\n<p class=\"text-stands\">Asociaci\u00f3n de ni\u00f1as, ni\u00f1os y gente joven con Diabetes de Galicia.<\/p>\n<p><a class=\"link-stands\" href=\"https:\/\/anedia.gal\" target=\"_blank\" rel=\"noopener\">Saber m\u00e1s<\/a>\n<\/div><\/div>\n\t\t\t<\/div><div class=\"et_pb_module et_pb_text et_pb_text_13 box-eve et_pb_section_video_on_hover et_pb_section_parallax_hover  et_pb_text_align_left et_pb_bg_layout_light\">\n\t\t\t\t\n\t\t\t\t\n\t\t\t\t\n\t\t\t\t\n\t\t\t\t<div class=\"et_pb_text_inner\"><div class=\"container\">\n<img decoding=\"async\" src=\"\/wp-content\/uploads\/2024\/08\/apropark-stands.png\" alt=\"\"><\/p>\n<p class=\"text-stands\">Damos apoyo, acompa\u00f1amos y prestamos servicios terap\u00e9uticos de prevenci\u00f3n y rehabilitaci\u00f3n a las personas con P\u00e1rkinson, a sus familias y cuidadores.<\/p>\n<p><a class=\"link-stands\" href=\"https:\/\/parkinsonpontevedra.org\" target=\"_blank\" rel=\"noopener\">Saber m\u00e1s<\/a>\n<\/div><\/div>\n\t\t\t<\/div><div class=\"et_pb_module et_pb_text et_pb_text_14 box-eve et_pb_section_video_on_hover et_pb_section_parallax_hover  et_pb_text_align_left et_pb_bg_layout_light\">\n\t\t\t\t\n\t\t\t\t\n\t\t\t\t\n\t\t\t\t\n\t\t\t\t<div class=\"et_pb_text_inner\"><div class=\"container\">\n<img decoding=\"async\" src=\"\/wp-content\/uploads\/2024\/08\/Asearpo.png\" alt=\"\"><\/p>\n<p class=\"text-stands\">Espacio abierto para el apoyo mutuo y el intercambio de informaci\u00f3n y experiencias tanto de pacientes como de familiares de enfermos de artritis.<\/p>\n<p><a class=\"link-stands\" href=\"https:\/\/www.asearpo.org\" target=\"_blank\" rel=\"noopener\">Saber m\u00e1s<\/a>\n<\/div><\/div>\n\t\t\t<\/div><div class=\"et_pb_module et_pb_text et_pb_text_16 box-eve et_pb_section_video_on_hover et_pb_section_parallax_hover  et_pb_text_align_left et_pb_bg_layout_light\">\n\t\t\t\t\n\t\t\t\t\n\t\t\t\t\n\t\t\t\t\n\t\t\t\t<div class=\"et_pb_text_inner\"><div class=\"container\">\n<img decoding=\"async\" src=\"\/wp-content\/uploads\/2024\/08\/Asociacion-espanola-contra-el-cancer.png\" alt=\"\"><\/p>\n<p class=\"text-stands\">Nuestro prop\u00f3sito: aliviar y evitar, en la medida de lo posible, el sufrimiento de las personas producido por el c\u00e1ncer, sea cual sea el lugar de residencia y sus circunstancias personales.<\/p>\n<p><a class=\"link-stands\" href=\"https:\/\/www.contraelcancer.es\/es\" target=\"_blank\" rel=\"noopener\">Saber m\u00e1s<\/a>\n<\/div><\/div>\n\t\t\t<\/div><div class=\"et_pb_module et_pb_text et_pb_text_17 box-eve et_pb_section_video_on_hover et_pb_section_parallax_hover  et_pb_text_align_left et_pb_bg_layout_light\">\n\t\t\t\t\n\t\t\t\t\n\t\t\t\t\n\t\t\t\t\n\t\t\t\t<div class=\"et_pb_text_inner\"><div class=\"container\">\n<img decoding=\"async\" src=\"\/wp-content\/uploads\/2024\/08\/Asseii.png\" alt=\"\"><\/p>\n<p class=\"text-stands\">Asociaci\u00f3n sociosanitaria de Enfermedades Inflamatorias Intestinales y Ostomizados<\/p>\n<p><a class=\"link-stands\" href=\"https:\/\/www.asseii.com\" target=\"_blank\" rel=\"noopener\">Saber m\u00e1s<\/a>\n<\/div><\/div>\n\t\t\t<\/div><div class=\"et_pb_module et_pb_text et_pb_text_18 box-eve et_pb_section_video_on_hover et_pb_section_parallax_hover  et_pb_text_align_left et_pb_bg_layout_light\">\n\t\t\t\t\n\t\t\t\t\n\t\t\t\t\n\t\t\t\t\n\t\t\t\t<div class=\"et_pb_text_inner\"><div class=\"container\">\n<img decoding=\"async\" src=\"\/wp-content\/uploads\/2024\/08\/Logo-CEDDD2025.png\" alt=\"\"><\/p>\n<p class=\"text-stands\">Consejo Espa\u00f1ol para la Defensa de la Discapacidad y la Dependencia.<\/p>\n<p><a class=\"link-stands\" href=\"https:\/\/ceddd.org\" target=\"_blank\" rel=\"noopener\">Saber m\u00e1s<\/a>\n<\/div><\/div>\n\t\t\t<\/div><div class=\"et_pb_module et_pb_text et_pb_text_19 box-eve et_pb_section_video_on_hover et_pb_section_parallax_hover  et_pb_text_align_left et_pb_bg_layout_light\">\n\t\t\t\t\n\t\t\t\t\n\t\t\t\t\n\t\t\t\t\n\t\t\t\t<div class=\"et_pb_text_inner\"><div class=\"container\">\n<img decoding=\"async\" src=\"\/wp-content\/uploads\/2024\/08\/Cruz-Roja.png\" alt=\"\"><\/p>\n<p class=\"text-stands\">Actuamos para que las personas puedan superar las situaciones agudas o cr\u00f3nicas que ponen en peligro sus vidas.<\/p>\n<p><a class=\"link-stands\" href=\"https:\/\/www.cruzroja.es\/pls\/portal30\/portal.mapa.inicio?p_autono=12&p_provin=36\" target=\"_blank\" rel=\"noopener\">Saber m\u00e1s<\/a>\n<\/div><\/div>\n\t\t\t<\/div><div class=\"et_pb_module et_pb_text et_pb_text_20 box-eve et_pb_section_video_on_hover et_pb_section_parallax_hover  et_pb_text_align_left et_pb_bg_layout_light\">\n\t\t\t\t\n\t\t\t\t\n\t\t\t\t\n\t\t\t\t\n\t\t\t\t<div class=\"et_pb_text_inner\"><div class=\"container\">\n<img decoding=\"async\" src=\"\/wp-content\/uploads\/2024\/08\/dano-cerebral.png\" alt=\"\"><\/p>\n<p class=\"text-stands\">Entidad que defiende los derechos de las personas con da\u00f1o cerebral adquirido y de sus familias, en Galicia.<\/p>\n<p><a class=\"link-stands\" href=\"https:\/\/danocerebralgalicia.org\/gl\" target=\"_blank\" rel=\"noopener\">Saber m\u00e1s<\/a>\n<\/div><\/div>\n\t\t\t<\/div><div class=\"et_pb_module et_pb_text et_pb_text_21 box-eve et_pb_section_video_on_hover et_pb_section_parallax_hover  et_pb_text_align_left et_pb_bg_layout_light\">\n\t\t\t\t\n\t\t\t\t\n\t\t\t\t\n\t\t\t\t\n\t\t\t\t<div class=\"et_pb_text_inner\"><div class=\"container\">\n<img decoding=\"async\" src=\"\/wp-content\/uploads\/2024\/08\/Down-xunto.png\" alt=\"\"><\/p>\n<p class=\"text-stands\">Grupo de familiares de personas con S\u00edndrome de Down que decidieron juntarse para mejorar la calidad de vida de las personas con S\u00edndrome de Down.<\/p>\n<p><a class=\"link-stands\" href=\"https:\/\/downxuntos.org\" target=\"_blank\" rel=\"noopener\">Saber m\u00e1s<\/a>\n<\/div><\/div>\n\t\t\t<\/div><div class=\"et_pb_module et_pb_text et_pb_text_22 box-eve et_pb_section_video_on_hover et_pb_section_parallax_hover  et_pb_text_align_left et_pb_bg_layout_light\">\n\t\t\t\t\n\t\t\t\t\n\t\t\t\t\n\t\t\t\t\n\t\t\t\t<div class=\"et_pb_text_inner\"><div class=\"container\">\n<img decoding=\"async\" src=\"\/wp-content\/uploads\/2024\/08\/EMMO.png\" alt=\"\"><\/p>\n<p class=\"text-stands\">Asociaci\u00f3n de apoyo a los enfermos de Esclerosis M\u00faltiple de la comarca de O Morrazo<\/p>\n<p><a class=\"link-stands\" href=\"https:\/\/emmo.gal\/\" target=\"_blank\" rel=\"noopener\">Saber m\u00e1s<\/a>\n<\/div><\/div>\n\t\t\t<\/div><div class=\"et_pb_module et_pb_text et_pb_text_23 box-eve et_pb_section_video_on_hover et_pb_section_parallax_hover  et_pb_text_align_left et_pb_bg_layout_light\">\n\t\t\t\t\n\t\t\t\t\n\t\t\t\t\n\t\t\t\t\n\t\t\t\t<div class=\"et_pb_text_inner\"><div class=\"container\">\n<img decoding=\"async\" src=\"\/wp-content\/uploads\/2024\/08\/erguete.png\" alt=\"\"><\/p>\n<p class=\"text-stands\">Trabaja desarrollando diferentes programas de promoci\u00f3n y educaci\u00f3n para la salud, con la finalidad de mejorar la integraci\u00f3n social y laboral de las personas en riesgo de exclusi\u00f3n social.<\/p>\n<p><a class=\"link-stands\" href=\"https:\/\/emmo.gal\/\" target=\"_blank\" rel=\"noopener\">Saber m\u00e1s<\/a>\n<\/div><\/div>\n\t\t\t<\/div><div class=\"et_pb_module et_pb_text et_pb_text_24 box-eve et_pb_section_video_on_hover et_pb_section_parallax_hover  et_pb_text_align_left et_pb_bg_layout_light\">\n\t\t\t\t\n\t\t\t\t\n\t\t\t\t\n\t\t\t\t\n\t\t\t\t<div class=\"et_pb_text_inner\"><div class=\"container\">\n<img decoding=\"async\" src=\"\/wp-content\/uploads\/2024\/08\/JUAN-XXIII.png\" alt=\"\"><\/p>\n<p class=\"text-stands\">Somos una asociaci\u00f3n sin \u00e1nimo de lucro dedicada a la formaci\u00f3n y promoci\u00f3n integral de las personas con discapacidad intelectual.<\/p>\n<p><a class=\"link-stands\" href=\"https:\/\/asociacionjuanxxiii.org\/?lang=es\" target=\"_blank\" rel=\"noopener\">Saber m\u00e1s<\/a><\/div><\/div>\n\t\t\t<\/div><div class=\"et_pb_module et_pb_text et_pb_text_25 box-eve et_pb_section_video_on_hover et_pb_section_parallax_hover  et_pb_text_align_left et_pb_bg_layout_light\">\n\t\t\t\t\n\t\t\t\t\n\t\t\t\t\n\t\t\t\t\n\t\t\t\t<div class=\"et_pb_text_inner\"><div class=\"container\">\n<img decoding=\"async\" src=\"\/wp-content\/uploads\/2024\/08\/Liga-reumatologica-gallega.png\" alt=\"\"><\/p>\n<p class=\"text-stands\">Aqu\u00ed encontrar\u00e1s informaci\u00f3n de inter\u00e9s sobre las enfermedades reum\u00e1ticas as\u00ed como los servicios, recursos y actividades que ofrecemos.<\/p>\n<p><a class=\"link-stands\" href=\"https:\/\/ligareumatoloxicagalega.es\" target=\"_blank\" rel=\"noopener\">Saber m\u00e1s<\/a>\n<\/div><\/div>\n\t\t\t<\/div><div class=\"et_pb_module et_pb_text et_pb_text_26 box-eve et_pb_section_video_on_hover et_pb_section_parallax_hover  et_pb_text_align_left et_pb_bg_layout_light\">\n\t\t\t\t\n\t\t\t\t\n\t\t\t\t\n\t\t\t\t\n\t\t\t\t<div class=\"et_pb_text_inner\"><div class=\"container\">\n<img decoding=\"async\" src=\"\/wp-content\/uploads\/2024\/08\/ORGADIF.png\" alt=\"\"><\/p>\n<p class=\"text-stands\">Es una entidad sin \u00e1nimo de lucro creada para defender los derechos de las personas con diversidad funcional.<\/p>\n<p><a class=\"link-stands\" href=\"https:\/\/www.facebook.com\/groups\/2553853388145610\/\" target=\"_blank\" rel=\"noopener\">Saber m\u00e1s<\/a>\n<\/div><\/div>\n\t\t\t<\/div><div class=\"et_pb_module et_pb_text et_pb_text_27 box-eve et_pb_section_video_on_hover et_pb_section_parallax_hover  et_pb_text_align_left et_pb_bg_layout_light\">\n\t\t\t\t\n\t\t\t\t\n\t\t\t\t\n\t\t\t\t\n\t\t\t\t<div class=\"et_pb_text_inner\"><div class=\"container\">\n<img decoding=\"async\" src=\"\/wp-content\/uploads\/2024\/08\/Querendo.png\" alt=\"\"><\/p>\n<p class=\"text-stands\">Persigue contribuir a la ayuda f\u00edsica, psicol\u00f3gica y educativa de todas las mujeres afectadas de endometriosis y de sus familias, independientemente del grado o estado de su dolencia.<\/p>\n<p><a class=\"link-stands\" href=\"https:\/\/querendo.eu\/\" target=\"_blank\" rel=\"noopener\">Saber m\u00e1s<\/a>\n<\/div><\/div>\n\t\t\t<\/div><div class=\"et_pb_module et_pb_text et_pb_text_28 box-eve et_pb_section_video_on_hover et_pb_section_parallax_hover  et_pb_text_align_left et_pb_bg_layout_light\">\n\t\t\t\t\n\t\t\t\t\n\t\t\t\t\n\t\t\t\t\n\t\t\t\t<div class=\"et_pb_text_inner\"><div class=\"container\">\n<img decoding=\"async\" src=\"\/wp-content\/uploads\/2024\/08\/Xoga.png\" alt=\"\"><\/p>\n<p class=\"text-stands\">Es una entidad de iniciativa social para la representaci\u00f3n de los intereses de las personas con diversidad sensorial.<\/p>\n<p><a class=\"link-stands\" href=\"https:\/\/organizacionxoga.org\" target=\"_blank\" rel=\"noopener\">Saber m\u00e1s<\/a>\n<\/div><\/div>\n\t\t\t<\/div><div class=\"et_pb_module et_pb_text et_pb_text_29 box-eve et_pb_section_video_on_hover et_pb_section_parallax_hover  et_pb_text_align_left et_pb_bg_layout_light\">\n\t\t\t\t\n\t\t\t\t\n\t\t\t\t\n\t\t\t\t\n\t\t\t\t<div class=\"et_pb_text_inner\"><div class=\"container\">\n<img decoding=\"async\" src=\"\/wp-content\/uploads\/2024\/09\/Afimo.png\" alt=\"\"><\/p>\n<p class=\"text-stands\">Asociaci\u00f3n de personas afectadas por fibromialgia de O Morrazo.<\/p>\n<p><a class=\"link-stands\" href=\"https:\/\/www.facebook.com\/afimo.morrazo\/?paipv=0&eav=AfZNg-YvNFmC5-ZMC0plN-4dL55JFKI6Fym-exITE2c3a9HOCAF7-lOWV7M-2QZUY-s&_rdr\" target=\"_blank\" rel=\"noopener\">Saber m\u00e1s<\/a>\n<\/div><\/div>\n\t\t\t<\/div><div class=\"et_pb_module et_pb_text et_pb_text_30 box-eve et_pb_section_video_on_hover et_pb_section_parallax_hover  et_pb_text_align_left et_pb_bg_layout_light\">\n\t\t\t\t\n\t\t\t\t\n\t\t\t\t\n\t\t\t\t\n\t\t\t\t<div class=\"et_pb_text_inner\"><div class=\"container\">\n<img decoding=\"async\" src=\"\/wp-content\/uploads\/2024\/09\/alanon-logo.png\" alt=\"\"><\/p>\n<p class=\"text-stands\">Ayuda y esperanza para los familiares y amigos de los alcoh\u00f3licos.<\/p>\n<p><a class=\"link-stands\" href=\"https:\/\/al-anon.org\/es\/para-los-miembros\/recursos-para-los-grupos\/alateen\/\" target=\"_blank\" rel=\"noopener\">Saber m\u00e1s<\/a>\n<\/div><\/div>\n\t\t\t<\/div><div class=\"et_pb_module et_pb_text et_pb_text_31 box-eve et_pb_section_video_on_hover et_pb_section_parallax_hover  et_pb_text_align_left et_pb_bg_layout_light\">\n\t\t\t\t\n\t\t\t\t\n\t\t\t\t\n\t\t\t\t\n\t\t\t\t<div class=\"et_pb_text_inner\"><div class=\"container\">\n<img decoding=\"async\" src=\"\/wp-content\/uploads\/2024\/09\/agl-logo.png\" alt=\"\"><\/p>\n<p class=\"text-stands\">Asociaci\u00f3n Galega de Linfedema, Lipedema, Insuficiencia Venosa Cr\u00f3nica y otras patolog\u00edas vasculares perif\u00e9ricas.<\/p>\n<p><a class=\"link-stands\" href=\"https:\/\/www.linfedemagalicia.com\/\" target=\"_blank\" rel=\"noopener\">Saber m\u00e1s<\/a>\n<\/div><\/div>\n\t\t\t<\/div><div class=\"et_pb_module et_pb_text et_pb_text_32 box-eve et_pb_section_video_on_hover et_pb_section_parallax_hover  et_pb_text_align_left et_pb_bg_layout_light\">\n\t\t\t\t\n\t\t\t\t\n\t\t\t\t\n\t\t\t\t\n\t\t\t\t<div class=\"et_pb_text_inner\"><div class=\"container\">\n<img decoding=\"async\" src=\"\/wp-content\/uploads\/2024\/09\/logo-alcoholicos-anonimos.png\" alt=\"\"><\/p>\n<p class=\"text-stands\">Es una comunidad de personas que comparten su mutua experiencia, fortaleza y esperanza para resolver su problema com\u00fan.<\/p>\n<p><a class=\"link-stands\" href=\"https:\/\/www.alcoholicos-anonimos.org\/v_portal\/apartados\/apartado.asp\" target=\"_blank\" rel=\"noopener\">Saber m\u00e1s<\/a>\n<\/div><\/div>\n\t\t\t<\/div><div class=\"et_pb_module et_pb_text et_pb_text_33 box-eve et_pb_section_video_on_hover et_pb_section_parallax_hover  et_pb_text_align_left et_pb_bg_layout_light\">\n\t\t\t\t\n\t\t\t\t\n\t\t\t\t\n\t\t\t\t\n\t\t\t\t<div class=\"et_pb_text_inner\"><div class=\"container\">\n<img decoding=\"async\" src=\"\/wp-content\/uploads\/2024\/08\/Centro-de-escucha-san-camilo.png\" alt=\"\"><\/p>\n<p class=\"text-stands\">Acompa\u00f1amos y escuchamos a toda \"persona herida\" que est\u00e1 sufriendo un duelo por cualquier p\u00e9rdida significativa en su vida.<\/p>\n<p><a class=\"link-stands\" href=\"https:\/\/centrodeescuchapontevedra.blogspot.com\" target=\"_blank\" rel=\"noopener\">Saber m\u00e1s<\/a>\n<\/div><\/div>\n\t\t\t<\/div>\n\t\t\t<\/div>\n\t\t\t\t\n\t\t\t\t\n\t\t\t\t\n\t\t\t\t\n\t\t\t<\/div>\n\t\t\t\t\n\t\t\t\t\n\t\t\t<\/div><div class=\"et_pb_section et_pb_section_3 aso-01 et_section_regular\" >\n\t\t\t\t\n\t\t\t\t\n\t\t\t\t\n\t\t\t\t\n\t\t\t\t\n\t\t\t\t\n\t\t\t\t<div class=\"et_pb_row et_pb_row_1 box-container\">\n\t\t\t\t<div class=\"et_pb_column et_pb_column_4_4 et_pb_column_1  et_pb_css_mix_blend_mode_passthrough et-last-child\">\n\t\t\t\t\n\t\t\t\t\n\t\t\t\t\n\t\t\t\t\n\t\t\t\t<div class=\"et_pb_module et_pb_text et_pb_text_34 box-eve et_pb_section_video_on_hover et_pb_section_parallax_hover  et_pb_text_align_left et_pb_bg_layout_light\">\n\t\t\t\t\n\t\t\t\t\n\t\t\t\t\n\t\t\t\t\n\t\t\t\t<div class=\"et_pb_text_inner\"><div class=\"container\">\n<img decoding=\"async\" src=\"\/wp-content\/uploads\/2024\/08\/Baloncesto-Arxil.png\" alt=\"\"><\/p>\n<p class=\"text-stands\">Club de baloncesto femenino.<\/p>\n<p><a class=\"link-stands\" href=\"https:\/\/arxil.es\" target=\"_blank\" rel=\"noopener\">Saber m\u00e1s<\/a>\n<\/div><\/div>\n\t\t\t<\/div><div class=\"et_pb_module et_pb_text et_pb_text_36 box-eve et_pb_section_video_on_hover et_pb_section_parallax_hover  et_pb_text_align_left et_pb_bg_layout_light\">\n\t\t\t\t\n\t\t\t\t\n\t\t\t\t\n\t\t\t\t\n\t\t\t\t<div class=\"et_pb_text_inner\"><div class=\"container\">\n<img decoding=\"async\" src=\"\/wp-content\/uploads\/2024\/08\/Baloncesto-Estudiantes-Pontevedra.png\" alt=\"\"><\/p>\n<p class=\"text-stands\">Club de baloncesto con equipos en todas las categor\u00edas, tanto masculinos como femeninos.<\/p>\n<p><a class=\"link-stands\" href=\"https:\/\/www.estudiantespontevedra.com\/es\" target=\"_blank\" rel=\"noopener\">Saber m\u00e1s<\/a>\n<\/div><\/div>\n\t\t\t<\/div><div class=\"et_pb_module et_pb_text et_pb_text_37 box-eve et_pb_section_video_on_hover et_pb_section_parallax_hover  et_pb_text_align_left et_pb_bg_layout_light\">\n\t\t\t\t\n\t\t\t\t\n\t\t\t\t\n\t\t\t\t\n\t\t\t\t<div class=\"et_pb_text_inner\"><div class=\"container\">\n<img decoding=\"async\" src=\"\/wp-content\/uploads\/2024\/08\/Natacon-Galaico.png\" alt=\"\"><\/p>\n<p class=\"text-stands\">Club de nataci\u00f3n de Pontevedra, en funcionamiento desde 1994.<\/p>\n<p><a class=\"link-stands\" href=\"https:\/\/cngalaico.com\/el-club\/\" target=\"_blank\" rel=\"noopener\">Saber m\u00e1s<\/a>\n<\/div><\/div>\n\t\t\t<\/div><div class=\"et_pb_module et_pb_text et_pb_text_45 box-eve et_pb_section_video_on_hover et_pb_section_parallax_hover  et_pb_text_align_left et_pb_bg_layout_light\">\n\t\t\t\t\n\t\t\t\t\n\t\t\t\t\n\t\t\t\t\n\t\t\t\t<div class=\"et_pb_text_inner\"><div class=\"container\">\n<img decoding=\"async\" src=\"\/wp-content\/uploads\/2024\/08\/Dragon-boat.jpg\" alt=\"\"><\/p>\n<p class=\"text-stands\">\n<p><a class=\"link-stands\" href=\"https:\/\/www.facebook.com\/people\/Drag%C3%B3n-Boat-Galicia\/100090608560174\" target=\"_blank\" rel=\"noopener\">Saber m\u00e1s<\/a>\n<\/div><\/div>\n\t\t\t<\/div><div class=\"et_pb_module et_pb_text et_pb_text_47 box-eve et_pb_section_video_on_hover et_pb_section_parallax_hover  et_pb_text_align_left et_pb_bg_layout_light\">\n\t\t\t\t\n\t\t\t\t\n\t\t\t\t\n\t\t\t\t\n\t\t\t\t<div class=\"et_pb_text_inner\"><div class=\"container\">\n<img decoding=\"async\" src=\"\/wp-content\/uploads\/2024\/08\/SD-Teucro.png\" alt=\"\"><\/p>\n<p class=\"text-stands\">Fue fundado con el fin de dar continuidad a los j\u00f3venes que participaban en competiciones deportivas del Frente de Juventudes y campeonatos escolares a os que se les ofrec\u00eda la oportunidad de participar en los torneos federados.<\/p>\n<p><a class=\"link-stands\" href=\"https:\/\/teucro.es\/\" target=\"_blank\" rel=\"noopener\">Saber m\u00e1s<\/a>\n<\/div><\/div>\n\t\t\t<\/div>\n\t\t\t<\/div>\n\t\t\t\t\n\t\t\t\t\n\t\t\t\t\n\t\t\t\t\n\t\t\t<\/div>\n\t\t\t\t\n\t\t\t\t\n\t\t\t<\/div><div class=\"et_pb_section et_pb_section_5 aso-01 et_section_regular\" >\n\t\t\t\t\n\t\t\t\t\n\t\t\t\t\n\t\t\t\t\n\t\t\t\t\n\t\t\t\t\n\t\t\t\t<div class=\"et_pb_row et_pb_row_2 box-container\">\n\t\t\t\t<div class=\"et_pb_column et_pb_column_4_4 et_pb_column_2  et_pb_css_mix_blend_mode_passthrough et-last-child\">\n\t\t\t\t\n\t\t\t\t\n\t\t\t\t\n\t\t\t\t\n\t\t\t\t<div class=\"et_pb_module et_pb_text et_pb_text_50 box-eve et_pb_section_video_on_hover et_pb_section_parallax_hover  et_pb_text_align_left et_pb_bg_layout_light\">\n\t\t\t\t\n\t\t\t\t\n\t\t\t\t\n\t\t\t\t\n\t\t\t\t<div class=\"et_pb_text_inner\"><div class=\"container\"><img decoding=\"async\" src=\"\/wp-content\/uploads\/2024\/10\/colef-pontesan.png\" alt=\"\" \/><\/p>\n<p class=\"text-stands\">Consejo General de Colegios de Licenciados en Educaci\u00f3n F\u00edsica y Ciencias de la Actividad F\u00edsica y del Deporte.<\/p>\n<p><a class=\"link-stands\" href=\"https:\/\/colefgalicia.com\/\" target=\"_blank\" rel=\"noopener\">Saber m\u00e1s<\/a><\/p>\n<\/div><\/div>\n\t\t\t<\/div><div class=\"et_pb_module et_pb_text et_pb_text_53 box-eve et_pb_section_video_on_hover et_pb_section_parallax_hover  et_pb_text_align_left et_pb_bg_layout_light\">\n\t\t\t\t\n\t\t\t\t\n\t\t\t\t\n\t\t\t\t\n\t\t\t\t<div class=\"et_pb_text_inner\"><div class=\"container\">\n<img decoding=\"async\" src=\"\/wp-content\/uploads\/2024\/08\/Colegio-oficial-terapeutas.png\" alt=\"\"><\/p>\n<p class=\"text-stands\">Colegio Oficial de Terapeutas Ocupacionales de Galicia.<\/p>\n<p><a class=\"link-stands\" href=\"https:\/\/cotoga.es\/quienes-somos\/\" target=\"_blank\" rel=\"noopener\">Saber m\u00e1s<\/a>\n<\/div><\/div>\n\t\t\t<\/div><div class=\"et_pb_module et_pb_text et_pb_text_54 box-eve et_pb_section_video_on_hover et_pb_section_parallax_hover  et_pb_text_align_left et_pb_bg_layout_light\">\n\t\t\t\t\n\t\t\t\t\n\t\t\t\t\n\t\t\t\t\n\t\t\t\t<div class=\"et_pb_text_inner\"><div class=\"container\">\n<img decoding=\"async\" src=\"\/wp-content\/uploads\/2024\/09\/logo-copg.png\" alt=\"\"><\/p>\n<p class=\"text-stands\">Asumen la representaci\u00f3n de la psicolog\u00eda profesional gallega en el \u00e1mbito profesional.<\/p>\n<p><a class=\"link-stands\" href=\"https:\/\/copgalicia.gal\/\" target=\"_blank\" rel=\"noopener\">Saber m\u00e1s<\/a>\n<\/div><\/div>\n\t\t\t<\/div>\n\t\t\t<\/div>\n\t\t\t\t\n\t\t\t\t\n\t\t\t\t\n\t\t\t\t\n\t\t\t<\/div>\n\t\t\t\t\n\t\t\t\t\n\t\t\t<\/div><div class=\"et_pb_section et_pb_section_7 aso-01 et_section_regular\" >\n\t\t\t\t\n\t\t\t\t\n\t\t\t\t\n\t\t\t\t\n\t\t\t\t\n\t\t\t\t\n\t\t\t\t<div class=\"et_pb_row et_pb_row_3 box-container\">\n\t\t\t\t<div class=\"et_pb_column et_pb_column_4_4 et_pb_column_3  et_pb_css_mix_blend_mode_passthrough et-last-child\">\n\t\t\t\t\n\t\t\t\t\n\t\t\t\t\n\t\t\t\t\n\t\t\t\t<div class=\"et_pb_module et_pb_text et_pb_text_60 box-eve et_pb_section_video_on_hover et_pb_section_parallax_hover  et_pb_text_align_left et_pb_bg_layout_light\">\n\t\t\t\t\n\t\t\t\t\n\t\t\t\t\n\t\t\t\t\n\t\t\t\t<div class=\"et_pb_text_inner\"><div class=\"container\">\n<img decoding=\"async\" src=\"\/wp-content\/uploads\/2024\/08\/fundacion-ahuce.png\" alt=\"\"><\/p>\n<p class=\"text-stands\">Somos una entidad estatal y trabajamos para mejorar la calidad de vida de las personas con OI y de sus familias.<\/p>\n<p><a class=\"link-stands\" href=\"https:\/\/www.fundacionjuanxxiii.org\/que-hacemos\" target=\"_blank\" rel=\"noopener\">Saber m\u00e1s<\/a>\n<\/div><\/div>\n\t\t\t<\/div><div class=\"et_pb_module et_pb_text et_pb_text_61 box-eve et_pb_section_video_on_hover et_pb_section_parallax_hover  et_pb_text_align_left et_pb_bg_layout_light\">\n\t\t\t\t\n\t\t\t\t\n\t\t\t\t\n\t\t\t\t\n\t\t\t\t<div class=\"et_pb_text_inner\"><div class=\"container\">\n<img decoding=\"async\" src=\"\/wp-content\/uploads\/2024\/08\/Fun.-Denis-Suarez.png\" alt=\"\"><\/p>\n<p class=\"text-stands\">Comprometidos con el bienestar de la sociedad gallega, se alza como un faro de oportunidad a trav\u00e9s de su dedicaci\u00f3n a la pr\u00e1ctica del deporte.<\/p>\n<p><a class=\"link-stands\" href=\"https:\/\/fundaciondenissuarez.com\/\" target=\"_blank\" rel=\"noopener\">Saber m\u00e1s<\/a>\n<\/div><\/div>\n\t\t\t<\/div>\n\t\t\t<\/div>\n\t\t\t\t\n\t\t\t\t\n\t\t\t\t\n\t\t\t\t\n\t\t\t<\/div>\n\t\t\t\t\n\t\t\t\t\n\t\t\t<\/div><div class=\"et_pb_section et_pb_section_9 aso-01 et_section_regular\" >\n\t\t\t\t\n\t\t\t\t\n\t\t\t\t\n\t\t\t\t\n\t\t\t\t\n\t\t\t\t\n\t\t\t\t<div class=\"et_pb_row et_pb_row_4 box-container\">\n\t\t\t\t<div class=\"et_pb_column et_pb_column_4_4 et_pb_column_4  et_pb_css_mix_blend_mode_passthrough et-last-child\">\n\t\t\t\t\n\t\t\t\t\n\t\t\t\t\n\t\t\t\t\n\t\t\t\t<div class=\"et_pb_module et_pb_text et_pb_text_62 box-eve et_pb_section_video_on_hover et_pb_section_parallax_hover  et_pb_text_align_left et_pb_bg_layout_light\">\n\t\t\t\t\n\t\t\t\t\n\t\t\t\t\n\t\t\t\t\n\t\t\t\t<div class=\"et_pb_text_inner\"><div class=\"container\">\n<img decoding=\"async\" src=\"\/wp-content\/uploads\/2024\/08\/ados-stands.png\" alt=\"\"><\/p>\n<p class=\"text-stands\">La misi\u00f3n de ADOS es la de actuar como un instrumento de gesti\u00f3n eficiente para asegurar la donaci\u00f3n voluntaria de sangre y sus derivados.<\/p>\n<p><a class=\"link-stands\" href=\"https:\/\/ados.sergas.gal\/\" target=\"_blank\" rel=\"noopener\">Saber m\u00e1s<\/a>\n<\/div><\/div>\n\t\t\t<\/div><div class=\"et_pb_module et_pb_text et_pb_text_63 box-eve et_pb_section_video_on_hover et_pb_section_parallax_hover  et_pb_text_align_left et_pb_bg_layout_light\">\n\t\t\t\t\n\t\t\t\t\n\t\t\t\t\n\t\t\t\t\n\t\t\t\t<div class=\"et_pb_text_inner\"><div class=\"container\">\n<img decoding=\"async\" src=\"\/wp-content\/uploads\/2024\/08\/Concello-po.png\" alt=\"\"><\/p>\n<p class=\"text-stands\">\n<p><a class=\"link-stands\" href=\"https:\/\/pontevedra.gal\/\" target=\"_blank\" rel=\"noopener\">Saber m\u00e1s<\/a>\n<\/div><\/div>\n\t\t\t<\/div><div class=\"et_pb_module et_pb_text et_pb_text_68 box-eve et_pb_section_video_on_hover et_pb_section_parallax_hover  et_pb_text_align_left et_pb_bg_layout_light\">\n\t\t\t\t\n\t\t\t\t\n\t\t\t\t\n\t\t\t\t\n\t\t\t\t<div class=\"et_pb_text_inner\"><div class=\"container\">\n<img decoding=\"async\" src=\"\/wp-content\/uploads\/2024\/08\/xanela-aberta-familia.png\" alt=\"\"><\/p>\n<p class=\"text-stands\">XANELA Aberta \u00e1 Familia es una iniciativa de la Conseller\u00eda de Sanidade de Galicia para promover h\u00e1bitos de vida saludables entre la infancia y la juventud.<\/p>\n<p><a class=\"link-stands\" href=\"https:\/\/vida-saudable.sergas.gal\/cartafol\/Consello-alimentario-infancia-Portada\" target=\"_blank\" rel=\"noopener\">Saber m\u00e1s<\/a>\n<\/div><\/div>\n\t\t\t<\/div>\n\t\t\t<\/div>\n\t\t\t\t\n\t\t\t\t\n\t\t\t\t\n\t\t\t\t\n\t\t\t<\/div>\n\t\t\t\t\n\t\t\t\t\n\t\t\t<\/div><div class=\"et_pb_section et_pb_section_11 aso-01 et_section_regular\" >\n\t\t\t\t\n\t\t\t\t\n\t\t\t\t\n\t\t\t\t\n\t\t\t\t\n\t\t\t\t\n\t\t\t\t<div class=\"et_pb_row et_pb_row_5 box-container\">\n\t\t\t\t<div class=\"et_pb_column et_pb_column_4_4 et_pb_column_5  et_pb_css_mix_blend_mode_passthrough et-last-child\">\n\t\t\t\t\n\t\t\t\t\n\t\t\t\t\n\t\t\t\t\n\t\t\t\t<div class=\"et_pb_module et_pb_text et_pb_text_70 box-eve et_pb_section_video_on_hover et_pb_section_parallax_hover  et_pb_text_align_left et_pb_bg_layout_light\">\n\t\t\t\t\n\t\t\t\t\n\t\t\t\t\n\t\t\t\t\n\t\t\t\t<div class=\"et_pb_text_inner\"><div class=\"container\">\n<img decoding=\"async\" src=\"\/wp-content\/uploads\/2024\/08\/Asorvedra.png\" alt=\"\"><\/p>\n<p class=\"text-stands\">Somos venezolanos y retornados que estamos creando algo grande y hermoso en la ciudad de Pontevedra.<\/p>\n<p><a class=\"link-stands\" href=\"https:\/\/www.facebook.com\/asovedra\/\" target=\"_blank\" rel=\"noopener\">Saber m\u00e1s<\/a>\n<\/div><\/div>\n\t\t\t<\/div><div class=\"et_pb_module et_pb_text et_pb_text_71 box-eve et_pb_section_video_on_hover et_pb_section_parallax_hover  et_pb_text_align_left et_pb_bg_layout_light\">\n\t\t\t\t\n\t\t\t\t\n\t\t\t\t\n\t\t\t\t\n\t\t\t\t<div class=\"et_pb_text_inner\"><div class=\"container\">\n<img decoding=\"async\" src=\"\/wp-content\/uploads\/2024\/08\/Boa-Vida.png\" alt=\"\"><\/p>\n<p class=\"text-stands\">Promover la igualdad, la salud y la inclusi\u00f3n social.<\/p>\n<p><a class=\"link-stands\" href=\"https:\/\/boavida.org\" target=\"_blank\" rel=\"noopener\">Saber m\u00e1s<\/a>\n<\/div><\/div>\n\t\t\t<\/div><div class=\"et_pb_module et_pb_text et_pb_text_75 box-eve et_pb_section_video_on_hover et_pb_section_parallax_hover  et_pb_text_align_left et_pb_bg_layout_light\">\n\t\t\t\t\n\t\t\t\t\n\t\t\t\t\n\t\t\t\t\n\t\t\t\t<div class=\"et_pb_text_inner\"><div class=\"container\">\n<img decoding=\"async\" src=\"\/wp-content\/uploads\/2024\/08\/Idara.png\" alt=\"\"><\/p>\n<p class=\"text-stands\">IDARA es un Grupo de Investigaci\u00f3n del Instituto de Investigaci\u00f3n Galicia Sur y del Servizo de Dixestivo de Pontevedra.<\/p>\n<p><a class=\"link-stands\" href=\"https:\/\/www.iisgaliciasur.es\/areas-de-investigacion\/enfermedades-inflamatorias-e-infecciosas-y-trastornos-inmunitarios\/hepatologia-enfermedades-inflamatorias-e-infecciosas\/\" target=\"_blank\" rel=\"noopener\">Saber m\u00e1s<\/a>\n<\/div><\/div>\n\t\t\t<\/div><div class=\"et_pb_module et_pb_text et_pb_text_78 box-eve et_pb_section_video_on_hover et_pb_section_parallax_hover  et_pb_text_align_left et_pb_bg_layout_light\">\n\t\t\t\t\n\t\t\t\t\n\t\t\t\t\n\t\t\t\t\n\t\t\t\t<div class=\"et_pb_text_inner\"><div class=\"container\">\n<img decoding=\"async\" src=\"\/wp-content\/uploads\/2024\/08\/Rotary-club.png\" alt=\"\"><\/p>\n<p class=\"text-stands\">En Rotary Pontevedra encontrar\u00e1s vecinos, amigos y l\u00edderes comunitarios que, unidos, impulsan caminos. Ven a descubrirnos.<\/p>\n<p><a class=\"link-stands\" href=\"https:\/\/rotarypontevedra.es\/sobre-nosotros\/\" target=\"_blank\" rel=\"noopener\">Saber m\u00e1s<\/a>\n<\/div><\/div>\n\t\t\t<\/div><div class=\"et_pb_module et_pb_text et_pb_text_79 box-eve et_pb_section_video_on_hover et_pb_section_parallax_hover  et_pb_text_align_left et_pb_bg_layout_light\">\n\t\t\t\t\n\t\t\t\t\n\t\t\t\t\n\t\t\t\t\n\t\t\t\t<div class=\"et_pb_text_inner\"><div class=\"container\">\n<img decoding=\"async\" src=\"\/wp-content\/uploads\/2024\/08\/logo-pangea_1.png\" alt=\"\"><\/p>\n<p class=\"text-stands\">Pangea | Recursos Sociais de Galicia. El proyecto Pangea consiste en la realizaci\u00f3n de un mapa de recursos sociales de Galicia.<\/p>\n<p><a class=\"link-stands\" href=\"https:\/\/pangea.gal\/\" target=\"_blank\" rel=\"noopener\">Saber m\u00e1s<\/a>\n<\/div><\/div>\n\t\t\t<\/div>\n\t\t\t<\/div>\n\t\t\t\t\n\t\t\t\t\n\t\t\t\t\n\t\t\t\t\n\t\t\t<\/div>\n\t\t\t\t\n\t\t\t\t\n\t\t\t<\/div>Actividades e oratoriasAdemais de apoiar e fomentar os bos [&hellip;]<\/p>","protected":false},"author":18,"featured_media":0,"parent":0,"menu_order":0,"comment_status":"closed","ping_status":"closed","template":"","meta":{"_et_pb_use_builder":"on","_et_pb_old_content":"","_et_gb_content_width":"","inline_featured_image":false,"footnotes":""},"class_list":["post-228968","page","type-page","status-publish","hentry"],"yoast_head":"<!-- This site is optimized with the Yoast SEO plugin v23.1 - https:\/\/yoast.com\/wordpress\/plugins\/seo\/ -->\n<title>Programa Pontesan | Bienestar, educaci\u00f3n y salud para todos<\/title>\n<meta name=\"description\" content=\"Pontesan presenta un programa lleno de actividades y charlas sobre educaci\u00f3n en salud y derechos sanitarios.\" \/>\n<meta name=\"robots\" content=\"index, follow, max-snippet:-1, max-image-preview:large, max-video-preview:-1\" \/>\n<link rel=\"canonical\" href=\"https:\/\/www.pontesan.es\/es\/programa\/\" \/>\n<meta property=\"og:locale\" content=\"es_ES\" \/>\n<meta property=\"og:type\" content=\"article\" \/>\n<meta property=\"og:title\" content=\"Programa Pontesan | Bienestar, educaci\u00f3n y salud para todos\" \/>\n<meta property=\"og:description\" content=\"Pontesan presenta un programa lleno de actividades y charlas sobre educaci\u00f3n en salud y derechos sanitarios.\" \/>\n<meta property=\"og:url\" content=\"https:\/\/www.pontesan.es\/es\/programa\/\" \/>\n<meta property=\"og:site_name\" content=\"Pontesan\" \/>\n<meta property=\"article:modified_time\" content=\"2025-09-23T07:51:26+00:00\" \/>\n<meta property=\"og:image\" content=\"https:\/\/www.pontesan.es\/wp-content\/uploads\/2024\/09\/YOAST.jpg\" \/>\n\t<meta property=\"og:image:width\" content=\"1200\" \/>\n\t<meta property=\"og:image:height\" content=\"676\" \/>\n\t<meta property=\"og:image:type\" content=\"image\/jpeg\" \/>\n<meta name=\"twitter:card\" content=\"summary_large_image\" \/>\n<meta name=\"twitter:label1\" content=\"Tiempo de lectura\" \/>\n\t<meta name=\"twitter:data1\" content=\"27 minutos\" \/>\n<script type=\"application\/ld+json\" class=\"yoast-schema-graph\">{\"@context\":\"https:\/\/schema.org\",\"@graph\":[{\"@type\":\"WebPage\",\"@id\":\"https:\/\/www.pontesan.es\/programa\/\",\"url\":\"https:\/\/www.pontesan.es\/programa\/\",\"name\":\"Programa Pontesan | Bienestar, educaci\u00f3n y salud para todos\",\"isPartOf\":{\"@id\":\"https:\/\/www.pontesan.es\/#website\"},\"datePublished\":\"2024-08-10T09:43:40+00:00\",\"dateModified\":\"2025-09-23T07:51:26+00:00\",\"description\":\"Pontesan presenta un programa lleno de actividades y charlas sobre educaci\u00f3n en salud y derechos sanitarios.\",\"breadcrumb\":{\"@id\":\"https:\/\/www.pontesan.es\/programa\/#breadcrumb\"},\"inLanguage\":\"es\",\"potentialAction\":[{\"@type\":\"ReadAction\",\"target\":[\"https:\/\/www.pontesan.es\/programa\/\"]}]},{\"@type\":\"BreadcrumbList\",\"@id\":\"https:\/\/www.pontesan.es\/programa\/#breadcrumb\",\"itemListElement\":[{\"@type\":\"ListItem\",\"position\":1,\"name\":\"Home\",\"item\":\"https:\/\/www.pontesan.es\/\"},{\"@type\":\"ListItem\",\"position\":2,\"name\":\"Programa\"}]},{\"@type\":\"WebSite\",\"@id\":\"https:\/\/www.pontesan.es\/#website\",\"url\":\"https:\/\/www.pontesan.es\/\",\"name\":\"Pontesan\",\"description\":\"\",\"publisher\":{\"@id\":\"https:\/\/www.pontesan.es\/#organization\"},\"potentialAction\":[{\"@type\":\"SearchAction\",\"target\":{\"@type\":\"EntryPoint\",\"urlTemplate\":\"https:\/\/www.pontesan.es\/?s={search_term_string}\"},\"query-input\":\"required name=search_term_string\"}],\"inLanguage\":\"es\"},{\"@type\":\"Organization\",\"@id\":\"https:\/\/www.pontesan.es\/#organization\",\"name\":\"PonteS\u00e1n\",\"alternateName\":\"PonteS\u00e1n\",\"url\":\"https:\/\/www.pontesan.es\/\",\"logo\":{\"@type\":\"ImageObject\",\"inLanguage\":\"es\",\"@id\":\"https:\/\/www.pontesan.es\/#\/schema\/logo\/image\/\",\"url\":\"https:\/\/www.pontesan.es\/wp-content\/uploads\/2024\/09\/yoast-empresa.jpg\",\"contentUrl\":\"https:\/\/www.pontesan.es\/wp-content\/uploads\/2024\/09\/yoast-empresa.jpg\",\"width\":696,\"height\":696,\"caption\":\"PonteS\u00e1n\"},\"image\":{\"@id\":\"https:\/\/www.pontesan.es\/#\/schema\/logo\/image\/\"}}]}<\/script>\n<!-- \/ Yoast SEO plugin. -->","yoast_head_json":{"title":"Programa Pontesan | Bienestar, educaci\u00f3n y salud para todos","description":"Pontesan presenta un programa lleno de actividades y charlas sobre educaci\u00f3n en salud y derechos sanitarios.","robots":{"index":"index","follow":"follow","max-snippet":"max-snippet:-1","max-image-preview":"max-image-preview:large","max-video-preview":"max-video-preview:-1"},"canonical":"https:\/\/www.pontesan.es\/es\/programa\/","og_locale":"es_ES","og_type":"article","og_title":"Programa Pontesan | Bienestar, educaci\u00f3n y salud para todos","og_description":"Pontesan presenta un programa lleno de actividades y charlas sobre educaci\u00f3n en salud y derechos sanitarios.","og_url":"https:\/\/www.pontesan.es\/es\/programa\/","og_site_name":"Pontesan","article_modified_time":"2025-09-23T07:51:26+00:00","og_image":[{"width":1200,"height":676,"url":"https:\/\/www.pontesan.es\/wp-content\/uploads\/2024\/09\/YOAST.jpg","type":"image\/jpeg"}],"twitter_card":"summary_large_image","twitter_misc":{"Tiempo de lectura":"27 minutos"},"schema":{"@context":"https:\/\/schema.org","@graph":[{"@type":"WebPage","@id":"https:\/\/www.pontesan.es\/programa\/","url":"https:\/\/www.pontesan.es\/programa\/","name":"Programa Pontesan | Bienestar, educaci\u00f3n y salud para todos","isPartOf":{"@id":"https:\/\/www.pontesan.es\/#website"},"datePublished":"2024-08-10T09:43:40+00:00","dateModified":"2025-09-23T07:51:26+00:00","description":"Pontesan presenta un programa lleno de actividades y charlas sobre educaci\u00f3n en salud y derechos sanitarios.","breadcrumb":{"@id":"https:\/\/www.pontesan.es\/programa\/#breadcrumb"},"inLanguage":"es","potentialAction":[{"@type":"ReadAction","target":["https:\/\/www.pontesan.es\/programa\/"]}]},{"@type":"BreadcrumbList","@id":"https:\/\/www.pontesan.es\/programa\/#breadcrumb","itemListElement":[{"@type":"ListItem","position":1,"name":"Home","item":"https:\/\/www.pontesan.es\/"},{"@type":"ListItem","position":2,"name":"Programa"}]},{"@type":"WebSite","@id":"https:\/\/www.pontesan.es\/#website","url":"https:\/\/www.pontesan.es\/","name":"Pontesan","description":"","publisher":{"@id":"https:\/\/www.pontesan.es\/#organization"},"potentialAction":[{"@type":"SearchAction","target":{"@type":"EntryPoint","urlTemplate":"https:\/\/www.pontesan.es\/?s={search_term_string}"},"query-input":"required name=search_term_string"}],"inLanguage":"es"},{"@type":"Organization","@id":"https:\/\/www.pontesan.es\/#organization","name":"PonteS\u00e1n","alternateName":"PonteS\u00e1n","url":"https:\/\/www.pontesan.es\/","logo":{"@type":"ImageObject","inLanguage":"es","@id":"https:\/\/www.pontesan.es\/#\/schema\/logo\/image\/","url":"https:\/\/www.pontesan.es\/wp-content\/uploads\/2024\/09\/yoast-empresa.jpg","contentUrl":"https:\/\/www.pontesan.es\/wp-content\/uploads\/2024\/09\/yoast-empresa.jpg","width":696,"height":696,"caption":"PonteS\u00e1n"},"image":{"@id":"https:\/\/www.pontesan.es\/#\/schema\/logo\/image\/"}}]}},"_links":{"self":[{"href":"https:\/\/www.pontesan.es\/es\/wp-json\/wp\/v2\/pages\/228968"}],"collection":[{"href":"https:\/\/www.pontesan.es\/es\/wp-json\/wp\/v2\/pages"}],"about":[{"href":"https:\/\/www.pontesan.es\/es\/wp-json\/wp\/v2\/types\/page"}],"author":[{"embeddable":true,"href":"https:\/\/www.pontesan.es\/es\/wp-json\/wp\/v2\/users\/18"}],"replies":[{"embeddable":true,"href":"https:\/\/www.pontesan.es\/es\/wp-json\/wp\/v2\/comments?post=228968"}],"version-history":[{"count":137,"href":"https:\/\/www.pontesan.es\/es\/wp-json\/wp\/v2\/pages\/228968\/revisions"}],"predecessor-version":[{"id":232751,"href":"https:\/\/www.pontesan.es\/es\/wp-json\/wp\/v2\/pages\/228968\/revisions\/232751"}],"wp:attachment":[{"href":"https:\/\/www.pontesan.es\/es\/wp-json\/wp\/v2\/media?parent=228968"}],"curies":[{"name":"wp","href":"https:\/\/api.w.org\/{rel}","templated":true}]}}